{"id":30683,"date":"2021-09-21T08:05:21","date_gmt":"2021-09-21T07:05:21","guid":{"rendered":"https:\/\/fundaciosetba.org\/noticias\/"},"modified":"2022-03-17T13:25:50","modified_gmt":"2022-03-17T12:25:50","slug":"noticias","status":"publish","type":"page","link":"https:\/\/fundaciosetba.org\/es\/noticias\/","title":{"rendered":"Noticias"},"content":{"rendered":"<section class=\"l-section wpb_row height_custom\"><div class=\"l-section-h i-cf\"><div class=\"g-cols vc_row via_flex valign_top type_default stacking_default\"><div class=\"vc_col-sm-12 wpb_column vc_column_container\"><div class=\"vc_column-inner\"><div class=\"wpb_wrapper\"><form class=\"w-filter for_grid state_desktop us-field-style_1 layout_hor items_1 mod_side style_switch_default align_center drop_on_hover hide_item_title\" action onsubmit=\"return false;\" onclick='return {&quot;filterPrefix&quot;:&quot;filter&quot;,&quot;hideDisabledValues&quot;:false,&quot;layout&quot;:&quot;hor&quot;,&quot;mobileWidth&quot;:600,&quot;use_grid&quot;:&quot;first&quot;,&quot;gridNotFoundMessage&quot;:&quot;Nothing to filter. Add a suitable Grid to this page.&quot;}'><div class=\"w-filter-list\"><div class=\"w-filter-list-title\">Filtros<\/div><button class=\"w-filter-list-closer\" title=\"Cerrar\" aria-label=\"Cerrar\"><\/button><div class=\"w-filter-item type_checkbox\" data-source=\"tax|category\"><button class=\"w-filter-item-title\">Categor\u00eda<span><\/span><\/button><a class=\"w-filter-item-reset\" href=\"#\" title=\"Reiniciar\"><span>Reiniciar<\/span><\/a><div class=\"w-filter-item-content\"><div class=\"w-filter-item-values\" data-maxheight=\"40vh\" style=\"max-height:40vh\"><div class=\"w-filter-item-value\" data-item-amount=\"12\"><label><input type=\"checkbox\" value=\"entrevistas\" name=\"filter_category\"><span class=\"w-filter-item-value-label\">Entrevistas<\/span><span class=\"w-filter-item-value-amount\">12<\/span><\/label><\/div><div class=\"w-filter-item-value\" data-item-amount=\"30\"><label><input type=\"checkbox\" value=\"magistrales-es\" name=\"filter_category\"><span class=\"w-filter-item-value-label\">Magistrales<\/span><span class=\"w-filter-item-value-amount\">30<\/span><\/label><\/div><div class=\"w-filter-item-value\" data-item-amount=\"8\"><label><input type=\"checkbox\" value=\"magistrales\" name=\"filter_category\"><span class=\"w-filter-item-value-label\">Magistrales<\/span><span class=\"w-filter-item-value-amount\">8<\/span><\/label><\/div><div class=\"w-filter-item-value\" data-item-amount=\"15\"><label><input type=\"checkbox\" value=\"natura-es-cultura-2\" name=\"filter_category\"><span class=\"w-filter-item-value-label\">Natura es cultura<\/span><span class=\"w-filter-item-value-amount\">15<\/span><\/label><\/div><div class=\"w-filter-item-value\" data-item-amount=\"31\"><label><input type=\"checkbox\" value=\"naturaleza-es-cultura\" name=\"filter_category\"><span class=\"w-filter-item-value-label\">Naturaleza es Cultura<\/span><span class=\"w-filter-item-value-amount\">31<\/span><\/label><\/div><div class=\"w-filter-item-value\" data-item-amount=\"8\"><label><input type=\"checkbox\" value=\"noticias-relacionadas\" name=\"filter_category\"><span class=\"w-filter-item-value-label\">Noticias relacionadas<\/span><span class=\"w-filter-item-value-amount\">8<\/span><\/label><\/div><div class=\"w-filter-item-value\" data-item-amount=\"12\"><label><input type=\"checkbox\" value=\"premio-setba\" name=\"filter_category\"><span class=\"w-filter-item-value-label\">Premio Setba<\/span><span class=\"w-filter-item-value-amount\">12<\/span><\/label><\/div><div class=\"w-filter-item-value\" data-item-amount=\"49\"><label><input type=\"checkbox\" value=\"premio-setba-es\" name=\"filter_category\"><span class=\"w-filter-item-value-label\">Premio Setba<\/span><span class=\"w-filter-item-value-amount\">49<\/span><\/label><\/div><div class=\"w-filter-item-value\" data-item-amount=\"12\"><label><input type=\"checkbox\" value=\"traspasando-el-objetivo\" name=\"filter_category\"><span class=\"w-filter-item-value-label\">Traspasando el objetivo<\/span><span class=\"w-filter-item-value-amount\">12<\/span><\/label><\/div><div class=\"w-filter-item-value\" data-item-amount=\"49\"><label><input type=\"checkbox\" value=\"traspasando-el-objetivo-es\" name=\"filter_category\"><span class=\"w-filter-item-value-label\">Traspasando el objetivo<\/span><span class=\"w-filter-item-value-amount\">49<\/span><\/label><\/div><div class=\"w-filter-item-value\" data-item-amount=\"8\"><label><input type=\"checkbox\" value=\"traspasando-muros\" name=\"filter_category\"><span class=\"w-filter-item-value-label\">Traspasando muros<\/span><span class=\"w-filter-item-value-amount\">8<\/span><\/label><\/div><div class=\"w-filter-item-value\" data-item-amount=\"16\"><label><input type=\"checkbox\" value=\"traspasando-muros-es\" name=\"filter_category\"><span class=\"w-filter-item-value-label\">Traspasando muros<\/span><span class=\"w-filter-item-value-amount\">16<\/span><\/label><\/div><div class=\"w-filter-item-value\" data-item-amount=\"597\"><label><input type=\"checkbox\" value=\"noticias\" name=\"filter_category\"><span class=\"w-filter-item-value-label\">Noticias relacionadas<\/span><span class=\"w-filter-item-value-amount\">597<\/span><\/label><\/div><div class=\"w-filter-item-value\" data-item-amount=\"1\"><label><input type=\"checkbox\" value=\"sin-categorizar\" name=\"filter_category\"><span class=\"w-filter-item-value-label\">Sin categorizar<\/span><span class=\"w-filter-item-value-amount\">1<\/span><\/label><\/div><\/div><\/div><\/div><\/div><div class=\"w-filter-list-panel\"><button class=\"w-btn us-btn-style_1\"><span class=\"w-btn-label\">Aplicar<\/span><\/button><\/div><style>@media( max-width:600px ){.w-filter.state_desktop .w-filter-list,.w-filter-item-title>span{display:none}.w-filter-opener{display:inline-block}}<\/style><button class=\"w-filter-opener\"><span>Filtros<\/span><\/button><div class=\"w-filter-json-filters-args hidden\" onclick='return {&quot;taxonomies_query_args&quot;:{&quot;tax|category&quot;:{&quot;entrevistas&quot;:{&quot;fields&quot;:&quot;ids&quot;,&quot;nopaging&quot;:true,&quot;post_status&quot;:[&quot;publish&quot;,&quot;inherit&quot;],&quot;post_type&quot;:[],&quot;posts_per_page&quot;:1,&quot;suppress_filters&quot;:true,&quot;tax_query&quot;:[{&quot;taxonomy&quot;:&quot;category&quot;,&quot;field&quot;:&quot;slug&quot;,&quot;terms&quot;:&quot;entrevistas&quot;}]},&quot;magistrales-es&quot;:{&quot;fields&quot;:&quot;ids&quot;,&quot;nopaging&quot;:true,&quot;post_status&quot;:[&quot;publish&quot;,&quot;inherit&quot;],&quot;post_type&quot;:[],&quot;posts_per_page&quot;:1,&quot;suppress_filters&quot;:true,&quot;tax_query&quot;:[{&quot;taxonomy&quot;:&quot;category&quot;,&quot;field&quot;:&quot;slug&quot;,&quot;terms&quot;:&quot;magistrales-es&quot;}]},&quot;magistrales&quot;:{&quot;fields&quot;:&quot;ids&quot;,&quot;nopaging&quot;:true,&quot;post_status&quot;:[&quot;publish&quot;,&quot;inherit&quot;],&quot;post_type&quot;:[],&quot;posts_per_page&quot;:1,&quot;suppress_filters&quot;:true,&quot;tax_query&quot;:[{&quot;taxonomy&quot;:&quot;category&quot;,&quot;field&quot;:&quot;slug&quot;,&quot;terms&quot;:&quot;magistrales&quot;}]},&quot;natura-es-cultura-2&quot;:{&quot;fields&quot;:&quot;ids&quot;,&quot;nopaging&quot;:true,&quot;post_status&quot;:[&quot;publish&quot;,&quot;inherit&quot;],&quot;post_type&quot;:[],&quot;posts_per_page&quot;:1,&quot;suppress_filters&quot;:true,&quot;tax_query&quot;:[{&quot;taxonomy&quot;:&quot;category&quot;,&quot;field&quot;:&quot;slug&quot;,&quot;terms&quot;:&quot;natura-es-cultura-2&quot;}]},&quot;naturaleza-es-cultura&quot;:{&quot;fields&quot;:&quot;ids&quot;,&quot;nopaging&quot;:true,&quot;post_status&quot;:[&quot;publish&quot;,&quot;inherit&quot;],&quot;post_type&quot;:[],&quot;posts_per_page&quot;:1,&quot;suppress_filters&quot;:true,&quot;tax_query&quot;:[{&quot;taxonomy&quot;:&quot;category&quot;,&quot;field&quot;:&quot;slug&quot;,&quot;terms&quot;:&quot;naturaleza-es-cultura&quot;}]},&quot;noticias-relacionadas&quot;:{&quot;fields&quot;:&quot;ids&quot;,&quot;nopaging&quot;:true,&quot;post_status&quot;:[&quot;publish&quot;,&quot;inherit&quot;],&quot;post_type&quot;:[],&quot;posts_per_page&quot;:1,&quot;suppress_filters&quot;:true,&quot;tax_query&quot;:[{&quot;taxonomy&quot;:&quot;category&quot;,&quot;field&quot;:&quot;slug&quot;,&quot;terms&quot;:&quot;noticias-relacionadas&quot;}]},&quot;premio-setba&quot;:{&quot;fields&quot;:&quot;ids&quot;,&quot;nopaging&quot;:true,&quot;post_status&quot;:[&quot;publish&quot;,&quot;inherit&quot;],&quot;post_type&quot;:[],&quot;posts_per_page&quot;:1,&quot;suppress_filters&quot;:true,&quot;tax_query&quot;:[{&quot;taxonomy&quot;:&quot;category&quot;,&quot;field&quot;:&quot;slug&quot;,&quot;terms&quot;:&quot;premio-setba&quot;}]},&quot;premio-setba-es&quot;:{&quot;fields&quot;:&quot;ids&quot;,&quot;nopaging&quot;:true,&quot;post_status&quot;:[&quot;publish&quot;,&quot;inherit&quot;],&quot;post_type&quot;:[],&quot;posts_per_page&quot;:1,&quot;suppress_filters&quot;:true,&quot;tax_query&quot;:[{&quot;taxonomy&quot;:&quot;category&quot;,&quot;field&quot;:&quot;slug&quot;,&quot;terms&quot;:&quot;premio-setba-es&quot;}]},&quot;traspasando-el-objetivo&quot;:{&quot;fields&quot;:&quot;ids&quot;,&quot;nopaging&quot;:true,&quot;post_status&quot;:[&quot;publish&quot;,&quot;inherit&quot;],&quot;post_type&quot;:[],&quot;posts_per_page&quot;:1,&quot;suppress_filters&quot;:true,&quot;tax_query&quot;:[{&quot;taxonomy&quot;:&quot;category&quot;,&quot;field&quot;:&quot;slug&quot;,&quot;terms&quot;:&quot;traspasando-el-objetivo&quot;}]},&quot;traspasando-el-objetivo-es&quot;:{&quot;fields&quot;:&quot;ids&quot;,&quot;nopaging&quot;:true,&quot;post_status&quot;:[&quot;publish&quot;,&quot;inherit&quot;],&quot;post_type&quot;:[],&quot;posts_per_page&quot;:1,&quot;suppress_filters&quot;:true,&quot;tax_query&quot;:[{&quot;taxonomy&quot;:&quot;category&quot;,&quot;field&quot;:&quot;slug&quot;,&quot;terms&quot;:&quot;traspasando-el-objetivo-es&quot;}]},&quot;traspasando-muros&quot;:{&quot;fields&quot;:&quot;ids&quot;,&quot;nopaging&quot;:true,&quot;post_status&quot;:[&quot;publish&quot;,&quot;inherit&quot;],&quot;post_type&quot;:[],&quot;posts_per_page&quot;:1,&quot;suppress_filters&quot;:true,&quot;tax_query&quot;:[{&quot;taxonomy&quot;:&quot;category&quot;,&quot;field&quot;:&quot;slug&quot;,&quot;terms&quot;:&quot;traspasando-muros&quot;}]},&quot;traspasando-muros-es&quot;:{&quot;fields&quot;:&quot;ids&quot;,&quot;nopaging&quot;:true,&quot;post_status&quot;:[&quot;publish&quot;,&quot;inherit&quot;],&quot;post_type&quot;:[],&quot;posts_per_page&quot;:1,&quot;suppress_filters&quot;:true,&quot;tax_query&quot;:[{&quot;taxonomy&quot;:&quot;category&quot;,&quot;field&quot;:&quot;slug&quot;,&quot;terms&quot;:&quot;traspasando-muros-es&quot;}]},&quot;noticias&quot;:{&quot;fields&quot;:&quot;ids&quot;,&quot;nopaging&quot;:true,&quot;post_status&quot;:[&quot;publish&quot;,&quot;inherit&quot;],&quot;post_type&quot;:[],&quot;posts_per_page&quot;:1,&quot;suppress_filters&quot;:true,&quot;tax_query&quot;:[{&quot;taxonomy&quot;:&quot;category&quot;,&quot;field&quot;:&quot;slug&quot;,&quot;terms&quot;:&quot;noticias&quot;}]},&quot;sin-categorizar&quot;:{&quot;fields&quot;:&quot;ids&quot;,&quot;nopaging&quot;:true,&quot;post_status&quot;:[&quot;publish&quot;,&quot;inherit&quot;],&quot;post_type&quot;:[],&quot;posts_per_page&quot;:1,&quot;suppress_filters&quot;:true,&quot;tax_query&quot;:[{&quot;taxonomy&quot;:&quot;category&quot;,&quot;field&quot;:&quot;slug&quot;,&quot;terms&quot;:&quot;sin-categorizar&quot;}]}}}}'><\/div><\/form><div class=\"w-separator size_medium\"><\/div><div class=\"w-grid us_grid type_masonry layout_blog_11 cols_2 pagination_infinite preload_style_spinner with_isotope with_css_animation\" id=\"us_grid_1\" style=\"--columns:2;--gap:1.5rem;\" data-filterable=\"true\"><style>@media (max-width:600px){#us_grid_1{--columns:1!important}}.layout_blog_11 .w-grid-item-h{}.layout_blog_11 .usg_post_title_1{font-size:1.4rem!important;font-weight:700!important;margin-bottom:0.5rem!important}.layout_blog_11 .usg_hwrapper_1{color:var(--color-content-faded)!important;font-size:0.9rem!important}.layout_blog_11 .usg_post_taxonomy_1{font-weight:700!important;text-transform:uppercase!important}.layout_blog_11 .usg_post_image_1{margin-top:0.7rem!important}.layout_blog_11 .usg_post_content_1{max-width:600px!important;margin-top:0.8rem!important}@media (max-width:600px){.layout_blog_11 .usg_post_title_1{font-size:1.2rem!important}}<\/style><div class=\"w-grid-list\">\t<article class=\"w-grid-item us_animate_aft off_autostart size_1x1 post-41901 post type-post status-publish format-standard has-post-thumbnail hentry category-traspasando-muros-es\" data-id=\"41901\" style=\"animation-delay:0s\">\r\n\t\t<div class=\"w-grid-item-h\">\r\n\t\t\t\t\t\t<h2 class=\"w-post-elm post_title usg_post_title_1 entry-title color_link_inherit\"><a href=\"https:\/\/fundaciosetba.org\/es\/traspasando-murs-llega-por-primera-vez-al-cp-ponent-con-el-artista-tope\/\">Traspasando Murs llega por primera vez al CP Ponent con el artista Tope<\/a><\/h2><div class=\"w-hwrapper usg_hwrapper_1 has_text_color align_none valign_top wrap\" style=\"--hwrapper-gap:1.2rem\"><div class=\"w-post-elm post_taxonomy usg_post_taxonomy_1 style_simple\"><a class=\"term-1349 term-traspasando-muros-es\" href=\"https:\/\/fundaciosetba.org\/es\/categoria\/traspasando-muros-es\/\">Traspasando muros<\/a><\/div><time class=\"w-post-elm post_date usg_post_date_1 entry-date published\" datetime=\"2026-04-29T09:54:09+01:00\" title=\"29 abril 2026 a las 09:54:09 +01:00\">hace 3 d\u00edas<\/time><\/div><div class=\"w-post-elm post_image usg_post_image_1 stretched\"><a href=\"https:\/\/fundaciosetba.org\/es\/traspasando-murs-llega-por-primera-vez-al-cp-ponent-con-el-artista-tope\/\" aria-label=\"Traspasando Murs llega por primera vez al CP Ponent con el artista Tope\"><img loading=\"lazy\" decoding=\"async\" width=\"1024\" height=\"768\" src=\"https:\/\/fundaciosetba.org\/wp-content\/uploads\/2026\/04\/fundaciosetba-26-10-1024x768.png\" class=\"attachment-large size-large wp-post-image\" alt=\"\" srcset=\"https:\/\/fundaciosetba.org\/wp-content\/uploads\/2026\/04\/fundaciosetba-26-10-1024x768.png 1024w, https:\/\/fundaciosetba.org\/wp-content\/uploads\/2026\/04\/fundaciosetba-26-10-300x225.png 300w, https:\/\/fundaciosetba.org\/wp-content\/uploads\/2026\/04\/fundaciosetba-26-10-133x100.png 133w, https:\/\/fundaciosetba.org\/wp-content\/uploads\/2026\/04\/fundaciosetba-26-10-533x400.png 533w, https:\/\/fundaciosetba.org\/wp-content\/uploads\/2026\/04\/fundaciosetba-26-10-600x450.png 600w, https:\/\/fundaciosetba.org\/wp-content\/uploads\/2026\/04\/fundaciosetba-26-10.png 1200w\" sizes=\"auto, (max-width: 1024px) 100vw, 1024px\" \/><\/a><\/div><div class=\"w-post-elm post_content usg_post_content_1\"><p>El artista targar\u00ed Tope, que ya hab\u00eda dirigido el proyecto de arte mural Traspassant Murs en el CEJJ Ponent en el a\u00f1o 2023 y en el CP de J\u00f3venes en 2024 y 2025. Ahora, da un paso m\u00e1s en su trayectoria dentro del \u00e1mbito penitenciario y entra en el m\u00f3dulo de j\u00f3venes del CP Ponent con una m\u00f3dulo de j\u00f3venes del CP Ponent. <\/p>\n<\/div>\t\t<\/div>\r\n\t\t\t<\/article>\r\n\t<article class=\"w-grid-item us_animate_aft off_autostart size_1x1 post-41889 post type-post status-publish format-standard has-post-thumbnail hentry category-traspasando-el-objetivo-es\" data-id=\"41889\" style=\"animation-delay:0.1s\">\r\n\t\t<div class=\"w-grid-item-h\">\r\n\t\t\t\t\t\t<h2 class=\"w-post-elm post_title usg_post_title_1 entry-title color_link_inherit\"><a href=\"https:\/\/fundaciosetba.org\/es\/iolanda-sebe-vuelve-a-llevar-la-fotografia-a-las-mujeres-de-la-carcel-de-ponent\/\">Iolanda Seb\u00e9 vuelve a llevar la fotograf\u00eda a las mujeres de la c\u00e1rcel de Ponent<\/a><\/h2><div class=\"w-hwrapper usg_hwrapper_1 has_text_color align_none valign_top wrap\" style=\"--hwrapper-gap:1.2rem\"><div class=\"w-post-elm post_taxonomy usg_post_taxonomy_1 style_simple\"><a class=\"term-1350 term-traspasando-el-objetivo-es\" href=\"https:\/\/fundaciosetba.org\/es\/categoria\/traspasando-el-objetivo-es\/\">Traspasando el objetivo<\/a><\/div><time class=\"w-post-elm post_date usg_post_date_1 entry-date published\" datetime=\"2026-04-27T11:13:06+01:00\" title=\"27 abril 2026 a las 11:13:06 +01:00\">hace 5 d\u00edas<\/time><\/div><div class=\"w-post-elm post_image usg_post_image_1 stretched\"><a href=\"https:\/\/fundaciosetba.org\/es\/iolanda-sebe-vuelve-a-llevar-la-fotografia-a-las-mujeres-de-la-carcel-de-ponent\/\" aria-label=\"Iolanda Seb\u00e9 vuelve a llevar la fotograf\u00eda a las mujeres de la c\u00e1rcel de Ponent\"><img loading=\"lazy\" decoding=\"async\" width=\"1024\" height=\"768\" src=\"https:\/\/fundaciosetba.org\/wp-content\/uploads\/2026\/04\/fundaciosetba-26-09-1024x768.png\" class=\"attachment-large size-large wp-post-image\" alt=\"\" srcset=\"https:\/\/fundaciosetba.org\/wp-content\/uploads\/2026\/04\/fundaciosetba-26-09-1024x768.png 1024w, https:\/\/fundaciosetba.org\/wp-content\/uploads\/2026\/04\/fundaciosetba-26-09-300x225.png 300w, https:\/\/fundaciosetba.org\/wp-content\/uploads\/2026\/04\/fundaciosetba-26-09-133x100.png 133w, https:\/\/fundaciosetba.org\/wp-content\/uploads\/2026\/04\/fundaciosetba-26-09-533x400.png 533w, https:\/\/fundaciosetba.org\/wp-content\/uploads\/2026\/04\/fundaciosetba-26-09-600x450.png 600w, https:\/\/fundaciosetba.org\/wp-content\/uploads\/2026\/04\/fundaciosetba-26-09.png 1200w\" sizes=\"auto, (max-width: 1024px) 100vw, 1024px\" \/><\/a><\/div><div class=\"w-post-elm post_content usg_post_content_1\"><p>Esta nueva edici\u00f3n se ha desarrollado en el Centro Penitenciario Ponent, en Lleida, entre los meses de enero y marzo de 2026.<\/p>\n<\/div>\t\t<\/div>\r\n\t\t\t<\/article>\r\n\t<article class=\"w-grid-item us_animate_aft off_autostart size_1x1 post-41812 post type-post status-publish format-standard has-post-thumbnail hentry category-traspasando-el-objetivo-es\" data-id=\"41812\" style=\"animation-delay:0.2s\">\r\n\t\t<div class=\"w-grid-item-h\">\r\n\t\t\t\t\t\t<h2 class=\"w-post-elm post_title usg_post_title_1 entry-title color_link_inherit\"><a href=\"https:\/\/fundaciosetba.org\/es\/7-mujeres-10-sesiones-y-un-70-menos-de-malestar-emocional-en-brians-1\/\">7 mujeres, 10 sesiones y un 70% menos de malestar emocional en Brians 1<\/a><\/h2><div class=\"w-hwrapper usg_hwrapper_1 has_text_color align_none valign_top wrap\" style=\"--hwrapper-gap:1.2rem\"><div class=\"w-post-elm post_taxonomy usg_post_taxonomy_1 style_simple\"><a class=\"term-1350 term-traspasando-el-objetivo-es\" href=\"https:\/\/fundaciosetba.org\/es\/categoria\/traspasando-el-objetivo-es\/\">Traspasando el objetivo<\/a><\/div><time class=\"w-post-elm post_date usg_post_date_1 entry-date published\" datetime=\"2026-03-20T13:04:17+01:00\" title=\"20 marzo 2026 a las 13:04:17 +01:00\">hace 1 mes<\/time><\/div><div class=\"w-post-elm post_image usg_post_image_1 stretched\"><a href=\"https:\/\/fundaciosetba.org\/es\/7-mujeres-10-sesiones-y-un-70-menos-de-malestar-emocional-en-brians-1\/\" aria-label=\"7 mujeres, 10 sesiones y un 70% menos de malestar emocional en Brians 1\"><img loading=\"lazy\" decoding=\"async\" width=\"1024\" height=\"768\" src=\"https:\/\/fundaciosetba.org\/wp-content\/uploads\/2026\/03\/fundaciosetba-26-08-1024x768.png\" class=\"attachment-large size-large wp-post-image\" alt=\"\" srcset=\"https:\/\/fundaciosetba.org\/wp-content\/uploads\/2026\/03\/fundaciosetba-26-08-1024x768.png 1024w, https:\/\/fundaciosetba.org\/wp-content\/uploads\/2026\/03\/fundaciosetba-26-08-300x225.png 300w, https:\/\/fundaciosetba.org\/wp-content\/uploads\/2026\/03\/fundaciosetba-26-08-133x100.png 133w, https:\/\/fundaciosetba.org\/wp-content\/uploads\/2026\/03\/fundaciosetba-26-08-533x400.png 533w, https:\/\/fundaciosetba.org\/wp-content\/uploads\/2026\/03\/fundaciosetba-26-08-600x450.png 600w, https:\/\/fundaciosetba.org\/wp-content\/uploads\/2026\/03\/fundaciosetba-26-08.png 1200w\" sizes=\"auto, (max-width: 1024px) 100vw, 1024px\" \/><\/a><\/div><div class=\"w-post-elm post_content usg_post_content_1\"><p>La artista Marta F\u00e0bregas ha vuelto para compartir conocimientos, pero tambi\u00e9n para transformar \u2014aunque sea por unas horas\u2014 el espacio y las participantes. Porque la vida en prisi\u00f3n no es f\u00e1cil, y Traspasando el objetivo se convierte, para muchas, en una peque\u00f1a odisea ya la vez un refugio. <\/p>\n<\/div>\t\t<\/div>\r\n\t\t\t<\/article>\r\n\t<article class=\"w-grid-item us_animate_aft off_autostart size_1x1 post-41764 post type-post status-publish format-standard has-post-thumbnail hentry category-traspasando-el-objetivo-es\" data-id=\"41764\" style=\"animation-delay:0.3s\">\r\n\t\t<div class=\"w-grid-item-h\">\r\n\t\t\t\t\t\t<h2 class=\"w-post-elm post_title usg_post_title_1 entry-title color_link_inherit\"><a href=\"https:\/\/fundaciosetba.org\/es\/la-exposicion-dona-fotografia-preso-llega-al-cc-ateneu-fort-pienc-en-el-marco-del-ciclo-8m\/\">La exposici\u00f3n Dona, fotografia, pres\u00f3 llega al CC Ateneu Fort Pienc en el marco del ciclo 8M<\/a><\/h2><div class=\"w-hwrapper usg_hwrapper_1 has_text_color align_none valign_top wrap\" style=\"--hwrapper-gap:1.2rem\"><div class=\"w-post-elm post_taxonomy usg_post_taxonomy_1 style_simple\"><a class=\"term-1350 term-traspasando-el-objetivo-es\" href=\"https:\/\/fundaciosetba.org\/es\/categoria\/traspasando-el-objetivo-es\/\">Traspasando el objetivo<\/a><\/div><time class=\"w-post-elm post_date usg_post_date_1 entry-date published\" datetime=\"2026-03-05T11:11:51+01:00\" title=\"5 marzo 2026 a las 11:11:51 +01:00\">hace 2 meses<\/time><\/div><div class=\"w-post-elm post_image usg_post_image_1 stretched\"><a href=\"https:\/\/fundaciosetba.org\/es\/la-exposicion-dona-fotografia-preso-llega-al-cc-ateneu-fort-pienc-en-el-marco-del-ciclo-8m\/\" aria-label=\"La exposici\u00f3n Dona, fotografia, pres\u00f3 llega al CC Ateneu Fort Pienc en el marco del ciclo 8M\"><img loading=\"lazy\" decoding=\"async\" width=\"1024\" height=\"768\" src=\"https:\/\/fundaciosetba.org\/wp-content\/uploads\/2026\/03\/fundaciosetba-26-07-1024x768.png\" class=\"attachment-large size-large wp-post-image\" alt=\"\" srcset=\"https:\/\/fundaciosetba.org\/wp-content\/uploads\/2026\/03\/fundaciosetba-26-07-1024x768.png 1024w, https:\/\/fundaciosetba.org\/wp-content\/uploads\/2026\/03\/fundaciosetba-26-07-300x225.png 300w, https:\/\/fundaciosetba.org\/wp-content\/uploads\/2026\/03\/fundaciosetba-26-07-133x100.png 133w, https:\/\/fundaciosetba.org\/wp-content\/uploads\/2026\/03\/fundaciosetba-26-07-533x400.png 533w, https:\/\/fundaciosetba.org\/wp-content\/uploads\/2026\/03\/fundaciosetba-26-07-600x450.png 600w, https:\/\/fundaciosetba.org\/wp-content\/uploads\/2026\/03\/fundaciosetba-26-07.png 1200w\" sizes=\"auto, (max-width: 1024px) 100vw, 1024px\" \/><\/a><\/div><div class=\"w-post-elm post_content usg_post_content_1\"><p>En el marco de la muestra, el martes 17 de marzo a las 19 horas, se presentar\u00e1 el nuevo fotolibro del proyecto, dedicado a la \u00fanica c\u00e1rcel exclusivamente de mujeres de Catalu\u00f1a: Wad-Ras. Mujeres invisibles. <\/p>\n<\/div>\t\t<\/div>\r\n\t\t\t<\/article>\r\n\t<article class=\"w-grid-item us_animate_aft off_autostart size_1x1 post-41749 post type-post status-publish format-standard has-post-thumbnail hentry category-naturaleza-es-cultura\" data-id=\"41749\" style=\"animation-delay:0s\">\r\n\t\t<div class=\"w-grid-item-h\">\r\n\t\t\t\t\t\t<h2 class=\"w-post-elm post_title usg_post_title_1 entry-title color_link_inherit\"><a href=\"https:\/\/fundaciosetba.org\/es\/los-artistas-jaume-amigo-y-olga-tragant-lideraran-el-primer-natura-es-cultura-en-lleida\/\">Los artistas Jaume Amig\u00f3 y Olga Tragant liderar\u00e1n el primer &#8220;Natura es Cultura&#8221; en Lleida<\/a><\/h2><div class=\"w-hwrapper usg_hwrapper_1 has_text_color align_none valign_top wrap\" style=\"--hwrapper-gap:1.2rem\"><div class=\"w-post-elm post_taxonomy usg_post_taxonomy_1 style_simple\"><a class=\"term-1355 term-naturaleza-es-cultura\" href=\"https:\/\/fundaciosetba.org\/es\/categoria\/naturaleza-es-cultura\/\">Naturaleza es Cultura<\/a><\/div><time class=\"w-post-elm post_date usg_post_date_1 entry-date published\" datetime=\"2026-02-19T13:11:26+01:00\" title=\"19 febrero 2026 a las 13:11:26 +01:00\">hace 2 meses<\/time><\/div><div class=\"w-post-elm post_image usg_post_image_1 stretched\"><a href=\"https:\/\/fundaciosetba.org\/es\/los-artistas-jaume-amigo-y-olga-tragant-lideraran-el-primer-natura-es-cultura-en-lleida\/\" aria-label=\"Los artistas Jaume Amig\u00f3 y Olga Tragant liderar\u00e1n el primer &#8220;Natura es Cultura&#8221; en Lleida\"><img loading=\"lazy\" decoding=\"async\" width=\"1024\" height=\"768\" src=\"https:\/\/fundaciosetba.org\/wp-content\/uploads\/2026\/02\/fundaciosetba-26-06-1024x768.png\" class=\"attachment-large size-large wp-post-image\" alt=\"\" srcset=\"https:\/\/fundaciosetba.org\/wp-content\/uploads\/2026\/02\/fundaciosetba-26-06-1024x768.png 1024w, https:\/\/fundaciosetba.org\/wp-content\/uploads\/2026\/02\/fundaciosetba-26-06-300x225.png 300w, https:\/\/fundaciosetba.org\/wp-content\/uploads\/2026\/02\/fundaciosetba-26-06-133x100.png 133w, https:\/\/fundaciosetba.org\/wp-content\/uploads\/2026\/02\/fundaciosetba-26-06-533x400.png 533w, https:\/\/fundaciosetba.org\/wp-content\/uploads\/2026\/02\/fundaciosetba-26-06-600x450.png 600w, https:\/\/fundaciosetba.org\/wp-content\/uploads\/2026\/02\/fundaciosetba-26-06.png 1200w\" sizes=\"auto, (max-width: 1024px) 100vw, 1024px\" \/><\/a><\/div><div class=\"w-post-elm post_content usg_post_content_1\"><p>El objetivo principal del proyecto es contribuir a la mejora de la calidad de vida de las personas que conviven con trastornos mentales , fomentar su bienestar emocional y f\u00edsico y desestigmatizar la enfermedad mental, promoviendo la sensibilizaci\u00f3n social y, especialmente, entre la poblaci\u00f3n joven con una actividad pedag\u00f3gica que llevamos a cabo dentro del proyecto con institutos del territorio.<\/p>\n<\/div>\t\t<\/div>\r\n\t\t\t<\/article>\r\n\t<article class=\"w-grid-item us_animate_aft off_autostart size_1x1 post-41624 post type-post status-publish format-standard has-post-thumbnail hentry category-traspasando-el-objetivo-es\" data-id=\"41624\" style=\"animation-delay:0.1s\">\r\n\t\t<div class=\"w-grid-item-h\">\r\n\t\t\t\t\t\t<h2 class=\"w-post-elm post_title usg_post_title_1 entry-title color_link_inherit\"><a href=\"https:\/\/fundaciosetba.org\/es\/presentamos-wad-ras-mujeres-invisibles-en-el-real-circulo-artistico-con-la-participacion-especial-de-carme-forcadell\/\">Presentamos &#8220;Wad-Ras. Mujeres Invisibles&#8221; en el Real C\u00edrculo Art\u00edstico con la participaci\u00f3n especial de Carme Forcadell<\/a><\/h2><div class=\"w-hwrapper usg_hwrapper_1 has_text_color align_none valign_top wrap\" style=\"--hwrapper-gap:1.2rem\"><div class=\"w-post-elm post_taxonomy usg_post_taxonomy_1 style_simple\"><a class=\"term-1350 term-traspasando-el-objetivo-es\" href=\"https:\/\/fundaciosetba.org\/es\/categoria\/traspasando-el-objetivo-es\/\">Traspasando el objetivo<\/a><\/div><time class=\"w-post-elm post_date usg_post_date_1 entry-date published\" datetime=\"2026-02-10T11:00:10+01:00\" title=\"10 febrero 2026 a las 11:00:10 +01:00\">hace 3 meses<\/time><\/div><div class=\"w-post-elm post_image usg_post_image_1 stretched\"><a href=\"https:\/\/fundaciosetba.org\/es\/presentamos-wad-ras-mujeres-invisibles-en-el-real-circulo-artistico-con-la-participacion-especial-de-carme-forcadell\/\" aria-label=\"Presentamos &#8220;Wad-Ras. Mujeres Invisibles&#8221; en el Real C\u00edrculo Art\u00edstico con la participaci\u00f3n especial de Carme Forcadell\"><img loading=\"lazy\" decoding=\"async\" width=\"1024\" height=\"768\" src=\"https:\/\/fundaciosetba.org\/wp-content\/uploads\/2026\/02\/fundaciosetba-06-05-1024x768.png\" class=\"attachment-large size-large wp-post-image\" alt=\"\" srcset=\"https:\/\/fundaciosetba.org\/wp-content\/uploads\/2026\/02\/fundaciosetba-06-05-1024x768.png 1024w, https:\/\/fundaciosetba.org\/wp-content\/uploads\/2026\/02\/fundaciosetba-06-05-300x225.png 300w, https:\/\/fundaciosetba.org\/wp-content\/uploads\/2026\/02\/fundaciosetba-06-05-133x100.png 133w, https:\/\/fundaciosetba.org\/wp-content\/uploads\/2026\/02\/fundaciosetba-06-05-533x400.png 533w, https:\/\/fundaciosetba.org\/wp-content\/uploads\/2026\/02\/fundaciosetba-06-05-600x450.png 600w, https:\/\/fundaciosetba.org\/wp-content\/uploads\/2026\/02\/fundaciosetba-06-05.png 1200w\" sizes=\"auto, (max-width: 1024px) 100vw, 1024px\" \/><\/a><\/div><div class=\"w-post-elm post_content usg_post_content_1\"><p>Este libro es el resultado de tres a\u00f1os de talleres de fotograf\u00eda en el centro penitenciario, dentro del proyecto Traspasando el objetivo, liderado por el artista Marta F\u00e0bregas, con el apoyo de fot\u00f3grafas como Sandra Balsells (Premio Ortega y Gasset 2006), Tanit Plana (Descubrimientos PHotoEspa\u00f1a 2002) y Laia Abril (Premio Nacional de Fotograf\u00eda 2023).<\/p>\n<\/div>\t\t<\/div>\r\n\t\t\t<\/article>\r\n\t<article class=\"w-grid-item us_animate_aft off_autostart size_1x1 post-41564 post type-post status-publish format-standard has-post-thumbnail hentry category-traspasando-el-objetivo-es\" data-id=\"41564\" style=\"animation-delay:0.2s\">\r\n\t\t<div class=\"w-grid-item-h\">\r\n\t\t\t\t\t\t<h2 class=\"w-post-elm post_title usg_post_title_1 entry-title color_link_inherit\"><a href=\"https:\/\/fundaciosetba.org\/es\/meritxell-perpinya-adriana-lopez-sanfeliu-y-laura-galvez-rhein-se-incorporan-a-traspasando-el-objetivo\/\">Meritxell Perpiny\u00e0, Adriana Lopez Sanfeliu y Laura G\u00e1lvez-Rhein se incorporan a &#8220;Traspasando el objetivo&#8221;<\/a><\/h2><div class=\"w-hwrapper usg_hwrapper_1 has_text_color align_none valign_top wrap\" style=\"--hwrapper-gap:1.2rem\"><div class=\"w-post-elm post_taxonomy usg_post_taxonomy_1 style_simple\"><a class=\"term-1350 term-traspasando-el-objetivo-es\" href=\"https:\/\/fundaciosetba.org\/es\/categoria\/traspasando-el-objetivo-es\/\">Traspasando el objetivo<\/a><\/div><time class=\"w-post-elm post_date usg_post_date_1 entry-date published\" datetime=\"2026-01-20T10:56:40+01:00\" title=\"20 enero 2026 a las 10:56:40 +01:00\">hace 3 meses<\/time><\/div><div class=\"w-post-elm post_image usg_post_image_1 stretched\"><a href=\"https:\/\/fundaciosetba.org\/es\/meritxell-perpinya-adriana-lopez-sanfeliu-y-laura-galvez-rhein-se-incorporan-a-traspasando-el-objetivo\/\" aria-label=\"Meritxell Perpiny\u00e0, Adriana Lopez Sanfeliu y Laura G\u00e1lvez-Rhein se incorporan a &#8220;Traspasando el objetivo&#8221;\"><img loading=\"lazy\" decoding=\"async\" width=\"1024\" height=\"768\" src=\"https:\/\/fundaciosetba.org\/wp-content\/uploads\/2026\/01\/fundaciosetba-06-03-1-1024x768.png\" class=\"attachment-large size-large wp-post-image\" alt=\"\" srcset=\"https:\/\/fundaciosetba.org\/wp-content\/uploads\/2026\/01\/fundaciosetba-06-03-1-1024x768.png 1024w, https:\/\/fundaciosetba.org\/wp-content\/uploads\/2026\/01\/fundaciosetba-06-03-1-300x225.png 300w, https:\/\/fundaciosetba.org\/wp-content\/uploads\/2026\/01\/fundaciosetba-06-03-1-133x100.png 133w, https:\/\/fundaciosetba.org\/wp-content\/uploads\/2026\/01\/fundaciosetba-06-03-1-533x400.png 533w, https:\/\/fundaciosetba.org\/wp-content\/uploads\/2026\/01\/fundaciosetba-06-03-1-600x450.png 600w, https:\/\/fundaciosetba.org\/wp-content\/uploads\/2026\/01\/fundaciosetba-06-03-1.png 1200w\" sizes=\"auto, (max-width: 1024px) 100vw, 1024px\" \/><\/a><\/div><div class=\"w-post-elm post_content usg_post_content_1\"><p>Esta semana se inicia la s\u00e9ptima edici\u00f3n del proyecto Traspassant l&#8217;Objectiu, que este a\u00f1o est\u00e1 marcada por la ampliaci\u00f3n territorial y por la incorporaci\u00f3n de nuevas profesionales de la fotograf\u00eda con trayectorias s\u00f3lidas y miradas comprometidas.<\/p>\n<\/div>\t\t<\/div>\r\n\t\t\t<\/article>\r\n\t<article class=\"w-grid-item us_animate_aft off_autostart size_1x1 post-41400 post type-post status-publish format-standard has-post-thumbnail hentry category-naturaleza-es-cultura\" data-id=\"41400\" style=\"animation-delay:0.3s\">\r\n\t\t<div class=\"w-grid-item-h\">\r\n\t\t\t\t\t\t<h2 class=\"w-post-elm post_title usg_post_title_1 entry-title color_link_inherit\"><a href=\"https:\/\/fundaciosetba.org\/es\/natura-es-cultura-llega-a-su-15a-edicion-y-se-amplia-a-tres-provincias-de-cataluna\/\">&#8220;Natura es Cultura&#8221; llega a su 15\u00aa edici\u00f3n y se ampl\u00eda a tres provincias de Catalu\u00f1a<\/a><\/h2><div class=\"w-hwrapper usg_hwrapper_1 has_text_color align_none valign_top wrap\" style=\"--hwrapper-gap:1.2rem\"><div class=\"w-post-elm post_taxonomy usg_post_taxonomy_1 style_simple\"><a class=\"term-1355 term-naturaleza-es-cultura\" href=\"https:\/\/fundaciosetba.org\/es\/categoria\/naturaleza-es-cultura\/\">Naturaleza es Cultura<\/a><\/div><time class=\"w-post-elm post_date usg_post_date_1 entry-date published\" datetime=\"2026-01-14T11:30:31+01:00\" title=\"14 enero 2026 a las 11:30:31 +01:00\">hace 4 meses<\/time><\/div><div class=\"w-post-elm post_image usg_post_image_1 stretched\"><a href=\"https:\/\/fundaciosetba.org\/es\/natura-es-cultura-llega-a-su-15a-edicion-y-se-amplia-a-tres-provincias-de-cataluna\/\" aria-label=\"&#8220;Natura es Cultura&#8221; llega a su 15\u00aa edici\u00f3n y se ampl\u00eda a tres provincias de Catalu\u00f1a\"><img loading=\"lazy\" decoding=\"async\" width=\"1024\" height=\"768\" src=\"https:\/\/fundaciosetba.org\/wp-content\/uploads\/2026\/01\/fundaciosetba-06-02-1024x768.png\" class=\"attachment-large size-large wp-post-image\" alt=\"\" srcset=\"https:\/\/fundaciosetba.org\/wp-content\/uploads\/2026\/01\/fundaciosetba-06-02-1024x768.png 1024w, https:\/\/fundaciosetba.org\/wp-content\/uploads\/2026\/01\/fundaciosetba-06-02-300x225.png 300w, https:\/\/fundaciosetba.org\/wp-content\/uploads\/2026\/01\/fundaciosetba-06-02-133x100.png 133w, https:\/\/fundaciosetba.org\/wp-content\/uploads\/2026\/01\/fundaciosetba-06-02-533x400.png 533w, https:\/\/fundaciosetba.org\/wp-content\/uploads\/2026\/01\/fundaciosetba-06-02-600x450.png 600w, https:\/\/fundaciosetba.org\/wp-content\/uploads\/2026\/01\/fundaciosetba-06-02.png 1200w\" sizes=\"auto, (max-width: 1024px) 100vw, 1024px\" \/><\/a><\/div><div class=\"w-post-elm post_content usg_post_content_1\"><p>La Fundaci\u00f3n Setba abre la 15\u00aa edici\u00f3n del proyecto de arte y salud mental Natura es Cultura, que este a\u00f1o ampl\u00eda su alcance territorial y se dirige a entidades de salud mental de las provincias de Barcelona y Girona y, por primera vez, llega a Lleida.<\/p>\n<\/div>\t\t<\/div>\r\n\t\t\t<\/article>\r\n<\/div>\t<div class=\"w-grid-preloader\">\r\n\t\t<div class=\"g-preloader type_1\">\r\n\t\t\t<div><\/div>\r\n\t\t<\/div>\r\n\t<\/div>\r\n\t\t\t\t<div class=\"g-loadmore\">\r\n\t\t\t\t<div class=\"g-preloader type_1\">\r\n\t\t\t\t\t<div><\/div>\r\n\t\t\t\t<\/div>\r\n\t\t\t\t<button class=\"w-btn us-btn-style_1\">\r\n\t\t\t\t\t<span class=\"w-btn-label\">Cargar m\u00e1s<\/span>\r\n\t\t\t\t<\/button>\r\n\t\t\t<\/div>\r\n\t\t\t\t<div class=\"w-grid-json hidden\" onclick='return {&quot;action&quot;:&quot;us_ajax_grid&quot;,&quot;infinite_scroll&quot;:true,&quot;max_num_pages&quot;:103,&quot;pagination&quot;:&quot;ajax&quot;,&quot;template_vars&quot;:{&quot;columns&quot;:&quot;2&quot;,&quot;exclude_items&quot;:&quot;none&quot;,&quot;img_size&quot;:&quot;default&quot;,&quot;ignore_items_size&quot;:0,&quot;items_layout&quot;:&quot;blog_11&quot;,&quot;items_offset&quot;:&quot;1&quot;,&quot;load_animation&quot;:&quot;aft&quot;,&quot;overriding_link&quot;:&quot;{\\&quot;url\\&quot;:\\&quot;\\&quot;}&quot;,&quot;post_id&quot;:0,&quot;query_args&quot;:{&quot;post_type&quot;:[&quot;post&quot;],&quot;post_status&quot;:[&quot;publish&quot;],&quot;posts_per_page&quot;:&quot;8&quot;},&quot;orderby_query_args&quot;:{&quot;orderby&quot;:{&quot;date&quot;:&quot;DESC&quot;}},&quot;type&quot;:&quot;masonry&quot;,&quot;us_grid_post_type&quot;:&quot;post&quot;,&quot;us_grid_ajax_index&quot;:1,&quot;us_grid_filter_query_string&quot;:null,&quot;us_grid_index&quot;:1,&quot;page_args&quot;:[],&quot;lang&quot;:&quot;es&quot;}}'><\/div>\r\n\t<\/div><\/div><\/div><\/div><\/div><\/div><\/section>\n","protected":false},"excerpt":{"rendered":"La Fundaci\u00f3n Setba abre la 15\u00aa edici\u00f3n del proyecto de arte y salud mental Natura es Cultura , que este a\u00f1o ampl\u00eda su alcance territorial y se dirige a entidades de salud mental de las provincias de Barcelona y Girona y, por primera vez, llega a Lleida . Natura es Cultura es un proyecto de...","protected":false},"author":1,"featured_media":0,"parent":0,"menu_order":0,"comment_status":"closed","ping_status":"closed","template":"","meta":{"footnotes":""},"class_list":["post-30683","page","type-page","status-publish","hentry"],"_links":{"self":[{"href":"https:\/\/fundaciosetba.org\/es\/wp-json\/wp\/v2\/pages\/30683","targetHints":{"allow":["GET"]}}],"collection":[{"href":"https:\/\/fundaciosetba.org\/es\/wp-json\/wp\/v2\/pages"}],"about":[{"href":"https:\/\/fundaciosetba.org\/es\/wp-json\/wp\/v2\/types\/page"}],"author":[{"embeddable":true,"href":"https:\/\/fundaciosetba.org\/es\/wp-json\/wp\/v2\/users\/1"}],"replies":[{"embeddable":true,"href":"https:\/\/fundaciosetba.org\/es\/wp-json\/wp\/v2\/comments?post=30683"}],"version-history":[{"count":1,"href":"https:\/\/fundaciosetba.org\/es\/wp-json\/wp\/v2\/pages\/30683\/revisions"}],"predecessor-version":[{"id":30684,"href":"https:\/\/fundaciosetba.org\/es\/wp-json\/wp\/v2\/pages\/30683\/revisions\/30684"}],"wp:attachment":[{"href":"https:\/\/fundaciosetba.org\/es\/wp-json\/wp\/v2\/media?parent=30683"}],"curies":[{"name":"wp","href":"https:\/\/api.w.org\/{rel}","templated":true}]}}