{"id":30694,"date":"2021-11-23T11:27:35","date_gmt":"2021-11-23T10:27:35","guid":{"rendered":"https:\/\/fundaciosetba.org\/politica-de-proteccion-de-datos\/"},"modified":"2025-05-27T12:37:21","modified_gmt":"2025-05-27T11:37:21","slug":"politica-de-proteccion-de-datos","status":"publish","type":"page","link":"https:\/\/fundaciosetba.org\/es\/politica-de-proteccion-de-datos\/","title":{"rendered":"Pol\u00edtica de protecci\u00f3n de datos"},"content":{"rendered":"<section class=\"l-section wpb_row height_custom\"><div class=\"l-section-h i-cf\"><div class=\"g-cols vc_row via_flex valign_top type_default stacking_default\"><div class=\"vc_col-sm-12 wpb_column vc_column_container\"><div class=\"vc_column-inner\"><div class=\"wpb_wrapper\"><div class=\"wpb_text_column\"><div class=\"wpb_wrapper\"><p><span style=\"font-weight: 400;\">Tanto la privacidad de los datos como la confidencialidad de la informaci\u00f3n son aspectos importantes para la FUNDACI\u00d3 SETBA. Por ello, y seg\u00fan establece el Reglamento general de protecci\u00f3n de datos, Reglamento (UE) 2016\/679 del parlamento europeo y del consejo de 27 de abril de 2016 relativo a la protecci\u00f3n de las personas f\u00edsicas en cuanto al tratamiento de datos personales ya la libre circulaci\u00f3n de estos datos, y la Ley Org\u00e1nica 3\/2018 de Protecci\u00f3n de datos personales t\u00e9rmino respecto al tratamiento de sus datos de car\u00e1cter personal.<\/span><\/p>\n<p>&nbsp;<\/p>\n<p><span style=\"font-weight: 400;\">Esta pol\u00edtica de protecci\u00f3n de datos podr\u00e1 variar con el tiempo debido a los posibles cambios legislativos, jurisprudenciales oa los criterios seguidos por la Agencia Espa\u00f1ola de Protecci\u00f3n de Datos y\/o la autoridad competente en cada momento. Por ello, la entidad se reserva el derecho a modificar la presente pol\u00edtica para adaptarlo a novedades legislativas o jurisprudenciales que se encuentran vigentes en el momento preciso en que se acceda a la web.<\/span><\/p>\n<p>&nbsp;<\/p>\n<p><span style=\"font-weight: 400;\">Fecha \u00faltima actualizaci\u00f3n: 05\/05\/2025<\/span><\/p>\n<p>&nbsp;<\/p>\n<ol>\n<li><b>  \u00bfQui\u00e9n es el titular responsable del tratamiento de tus datos?<\/b><\/li>\n<\/ol>\n<p>&nbsp;<\/p>\n<p><span style=\"font-weight: 400;\">FUNDACI\u00d3N SETBA<\/span><\/p>\n<p><span style=\"font-weight: 400;\">CIF: G66363953<\/span><\/p>\n<p><span style=\"font-weight: 400;\">Domicilio: Plaza Real 10, 1-2<\/span><\/p>\n<p><span style=\"font-weight: 400;\">Telf: 93 481 36 96<\/span><\/p>\n<p><span style=\"font-weight: 400;\">Mail contacto: info@fundaciosetba.org<\/span><\/p>\n<p>&nbsp;<\/p>\n<ol start=\"2\">\n<li><b>  \u00bfCon qu\u00e9 fines y base legal tratamos tus datos y durante cu\u00e1nto tiempo los conservamos?<\/b><\/li>\n<\/ol>\n<p>&nbsp;<\/p>\n<p><span style=\"font-weight: 400;\">En la Fundaci\u00f3n tratamos los datos personales con las siguientes finalidades:<\/span><\/p>\n<p>&nbsp;<\/p>\n<p><span style=\"font-weight: 400;\">2.1 SUSCRIPTORES A BOLETINES<\/span><\/p>\n<p><span style=\"font-weight: 400;\">Finalidad del tratamiento<\/span> <span style=\"font-weight: 400;\">: Gestionamos los datos de los suscriptores para enviar los boletines informativos sobre las actividades, exposiciones y servicios de la entidad.<\/span><\/p>\n<p><span style=\"font-weight: 400;\">Legitimaci\u00f3n<\/span> <span style=\"font-weight: 400;\">: La base legal para el tratamiento de los datos es tu consentimiento que se considera prestado en el momento de suscribirte al bolet\u00edn.<\/span><\/p>\n<p><span style=\"font-weight: 400;\">Plazo de conservaci\u00f3n de los datos<\/span> <span style=\"font-weight: 400;\">: Los datos se conservar\u00e1n mientras el usuario no solicite su supresi\u00f3n.<\/span><\/p>\n<p>&nbsp;<\/p>\n<p><span style=\"font-weight: 400;\">2.2 CONTACTOS WEB<\/span><\/p>\n<p><span style=\"font-weight: 400;\">Finalidad del tratamiento<\/span> <span style=\"font-weight: 400;\">: Gestionamos los datos de contacto para atender consultas y solicitudes que nos hagas llegar a trav\u00e9s del formulario \u201ccontacto\u201d o el mail info@fundaciosetba.org.<\/span><\/p>\n<p><span style=\"font-weight: 400;\">Legitimaci\u00f3n<\/span> <span style=\"font-weight: 400;\">: La base legal para el tratamiento de los datos es tu consentimiento que se considera otorgado cuando nos env\u00edas las solicitudes.<\/span><\/p>\n<p><span style=\"font-weight: 400;\">Plazo de conservaci\u00f3n de los datos<\/span> <span style=\"font-weight: 400;\">: Los datos se eliminar\u00e1n una vez atendida la solicitud.<\/span><\/p>\n<p>&nbsp;<\/p>\n<p><span style=\"font-weight: 400;\">2.3 PARTICIPANTES EN PROYECTOS, ACTIVIDADES Y OTROS SERVICIOS<\/span><\/p>\n<p><span style=\"font-weight: 400;\">Finalidad del tratamiento<\/span> <span style=\"font-weight: 400;\">: Gestionamos los datos de los participantes para las siguientes finalidades:<\/span><\/p>\n<ul>\n<li style=\"font-weight: 400;\" aria-level=\"1\"><span style=\"font-weight: 400;\">Gesti\u00f3n y organizaci\u00f3n de proyectos, actividades, exposiciones, premios y otros servicios que ofrece la fundaci\u00f3n.<\/span><\/li>\n<li style=\"font-weight: 400;\" aria-level=\"1\"><span style=\"font-weight: 400;\">Gesti\u00f3n de las convocatorias y bases legales de participaci\u00f3n, gesti\u00f3n de inscripciones y valoraci\u00f3n de proyectos presentados.<\/span><\/li>\n<li style=\"font-weight: 400;\" aria-level=\"1\"><span style=\"font-weight: 400;\">Captaci\u00f3n de im\u00e1genes y grabaciones realizadas durante las actividades y eventos culturales que organiza la Fundaci\u00f3n.<\/span><\/li>\n<\/ul>\n<p>&nbsp;<\/p>\n<p><span style=\"font-weight: 400;\">Legitimaci\u00f3n:<\/span> <span style=\"font-weight: 400;\">La base legal para el tratamiento es tu consentimiento que nos has otorgado en el momento de participar en las actividades de la Fundaci\u00f3n.<\/span><\/p>\n<p><span style=\"font-weight: 400;\">Plazo de conservaci\u00f3n de los datos<\/span> <span style=\"font-weight: 400;\">: Los datos se conservar\u00e1n mientras el usuario no solicite su supresi\u00f3n.<\/span><\/p>\n<p>&nbsp;<\/p>\n<p><span style=\"font-weight: 400;\">2.4 PROVEEDORES Y COLABORADORES<\/span><\/p>\n<p><span style=\"font-weight: 400;\">Finalidad del tratamiento<\/span> <span style=\"font-weight: 400;\">: mantenimiento de las comunicaciones con entidades, instituciones y profesionales del sector para desarrollar las tareas de la Fundaci\u00f3n y su promoci\u00f3n.<\/span> <\/p>\n<p><span style=\"font-weight: 400;\">Gestionar las relaciones profesionales con proveedores y colaboradores, gesti\u00f3n de contratos y convenios.<\/span><\/p>\n<p><span style=\"font-weight: 400;\">Legitimaci\u00f3n<\/span> <span style=\"font-weight: 400;\">: La base legal para el tratamiento es la existencia de una relaci\u00f3n contractual.<\/span><\/p>\n<p><span style=\"font-weight: 400;\">Plazo de conservaci\u00f3n:<\/span> <span style=\"font-weight: 400;\">Los datos se conservar\u00e1n en todo caso durante el tiempo que dure la relaci\u00f3n contractual y posteriormente durante los plazos legales establecidos en la legislaci\u00f3n civil para la prescripci\u00f3n de las obligaciones contractuales y en la legislaci\u00f3n contable y fiscal.<\/span><\/p>\n<p>&nbsp;<\/p>\n<p><span style=\"font-weight: 400;\">2.5 CANDIDATOS A PUESTO DE TRABAJO<\/span><\/p>\n<p><span style=\"font-weight: 400;\">Finalidad del tratamiento<\/span> <span style=\"font-weight: 400;\">: gestionamos los datos curriculares de los candidatos para los procesos de selecci\u00f3n de personal si el perfil profesional se ajusta a nuestras necesidades.<\/span> <\/p>\n<p><span style=\"font-weight: 400;\">Legitimaci\u00f3n:<\/span> <span style=\"font-weight: 400;\">La base legal para el tratamiento es el consentimiento otorgado con el env\u00edo voluntario del CV a la entidad.<\/span><\/p>\n<p><span style=\"font-weight: 400;\">Plazo de conservaci\u00f3n:<\/span> <span style=\"font-weight: 400;\">Mientras no canceles expresamente tus datos personales, los seguiremos manteniendo para posibles procesos de selecci\u00f3n futuros por un per\u00edodo m\u00e1ximo de 2 a\u00f1os.<\/span><\/p>\n<p>&nbsp;<\/p>\n<p><span style=\"font-weight: 400;\">2.6 DONACIONES<\/span><\/p>\n<p><span style=\"font-weight: 400;\">Finalidad del tratamiento<\/span> <span style=\"font-weight: 400;\">: gestionamos la captaci\u00f3n de fondos por nuestros proyectos y las comunicaciones con los donantes sobre su evoluci\u00f3n, incluidas las informaciones relacionadas con las actividades propias de la Fundaci\u00f3n.<\/span><\/p>\n<p><span style=\"font-weight: 400;\">Tratamos tambi\u00e9n los datos por la emisi\u00f3n de certificados de desgravaci\u00f3n fiscal.  <\/span><\/p>\n<p><span style=\"font-weight: 400;\">Legitimaci\u00f3n:<\/span> <span style=\"font-weight: 400;\">La base legal para el tratamiento es tu consentimiento otorgado en el momento de realizar tu donaci\u00f3n.<\/span><\/p>\n<p><span style=\"font-weight: 400;\">Plazo de conservaci\u00f3n:<\/span> <span style=\"font-weight: 400;\">Los datos ser\u00e1n eliminados una vez prescritos los plazos legales establecidos en la normativa contable y fiscal.<\/span> <\/p>\n<p>&nbsp;<\/p>\n<p><span style=\"font-weight: 400;\">2.7. TIENDA ONLINE<\/span><\/p>\n<p><span style=\"font-weight: 400;\">Finalidad del tratamiento:<\/span><span style=\"font-weight: 400;\"> <\/span><span style=\"font-weight: 400;\">gestionamos tus datos como cliente y usuario de la tienda online con las siguientes finalidades:<\/span><\/p>\n<ul>\n<li style=\"font-weight: 400;\" aria-level=\"1\"><span style=\"font-weight: 400;\">Registro de usuarios. (creaci\u00f3n de una cuenta de cliente)  <\/span><\/li>\n<\/ul>\n<ul>\n<li style=\"font-weight: 400;\" aria-level=\"1\"><span style=\"font-weight: 400;\">Gesti\u00f3n de los pedidos, seguimiento del proceso de compra y entrega del producto, incluidas las comunicaciones necesarias para llevar a cabo las citadas gestiones.<\/span><\/li>\n<li style=\"font-weight: 400;\" aria-level=\"1\"><span style=\"font-weight: 400;\">Comunicaciones comerciales por la oferta de promociones ligadas a la condici\u00f3n de cliente, referentes a productos o servicios del sector.  <\/span><\/li>\n<\/ul>\n<p><span style=\"font-weight: 400;\">El Cliente puede oponerse al tratamiento de sus datos con fines promocionales ya la recepci\u00f3n de esta tipolog\u00eda de env\u00edos en cualquier momento siguiendo el procedimiento para el ejercicio de derechos descrito en el apartado 5.<\/span><\/p>\n<p>&nbsp;<\/p>\n<p><span style=\"font-weight: 400;\">Legitimaci\u00f3n:<\/span> <span style=\"font-weight: 400;\">La base legal para el tratamiento es la relaci\u00f3n contractual establecida.<\/span><span style=\"font-weight: 400;\"><br \/>\n<\/span><span style=\"font-weight: 400;\">Plazo de conservaci\u00f3n:<\/span> <span style=\"font-weight: 400;\">Los datos ser\u00e1n conservados al menos 5 a\u00f1os y posteriormente ser\u00e1n eliminados una vez transcurridos los plazos legales de prescripci\u00f3n de las obligaciones contractuales.<\/span> <\/p>\n<p>&nbsp;<\/p>\n<p><span style=\"font-weight: 400;\">2.8 VOLUNTARIOS<\/span><\/p>\n<p><span style=\"font-weight: 400;\">Finalidad del tratamiento<\/span> <span style=\"font-weight: 400;\">: gestionamos tus datos como voluntario colaborador en las tareas de la fundaci\u00f3n.<\/span> <\/p>\n<p><span style=\"font-weight: 400;\">Legitimaci\u00f3n:<\/span> <span style=\"font-weight: 400;\">La base legal para el tratamiento es el consentimiento otorgado en el momento de firmar el compromiso de voluntariado con la entidad.<\/span> <\/p>\n<p><span style=\"font-weight: 400;\">Plazo de conservaci\u00f3n:<\/span> <span style=\"font-weight: 400;\">Los datos ser\u00e1n eliminados una vez finalizada tu colaboraci\u00f3n.<\/span> <\/p>\n<p>&nbsp;<\/p>\n<p><span style=\"font-weight: 400;\">2.9 PATRONATO<\/span><\/p>\n<p><span style=\"font-weight: 400;\">Finalidad del tratamiento<\/span> <span style=\"font-weight: 400;\">: gesti\u00f3n del patronato y las comunicaciones con sus miembros.<\/span><\/p>\n<p><span style=\"font-weight: 400;\">Legitimaci\u00f3n:<\/span> <span style=\"font-weight: 400;\">la base legal para el tratamiento es la Ley 50\/2002 de Fundaciones, de 26 de diciembre.<\/span><\/p>\n<p><span style=\"font-weight: 400;\">Plazo de conservaci\u00f3n<\/span> <span style=\"font-weight: 400;\">: Los datos se conservar\u00e1n en todo caso durante la vigencia del mandato y posteriormente hasta que se agoten los plazos legales establecidos para hacer frente a posibles reclamaciones.<\/span><\/p>\n<p>&nbsp;<\/p>\n<ol start=\"3\">\n<li><b>  \u00bfA qui\u00e9n comunicamos tus datos?<\/b><\/li>\n<\/ol>\n<p>&nbsp;<\/p>\n<p><span style=\"font-weight: 400;\">La entidad no comunicar\u00e1 tus datos a terceros salvo obligaci\u00f3n legal.  <\/span><\/p>\n<p><span style=\"font-weight: 400;\">No est\u00e1 prevista la transferencia internacional de datos.<\/span><\/p>\n<p>&nbsp;<\/p>\n<ol start=\"4\">\n<li><b>  Informaci\u00f3n sobre la calidad de los datos:<\/b><\/li>\n<\/ol>\n<p>&nbsp;<\/p>\n<p><span style=\"font-weight: 400;\">Los datos que te solicitamos son los adecuados, pertinentes y estrictamente necesarios para la finalidad por la que se recogen, y en ning\u00fan caso est\u00e1 obligado a facilit\u00e1rnoslos. Asimismo, el usuario asegura que todos los datos que nos facilita son ciertos y pertinentes para la finalidad por la que se los solicitamos.<\/span><\/p>\n<p>&nbsp;<\/p>\n<p><span style=\"font-weight: 400;\">La Fundaci\u00f3n asume tambi\u00e9n el compromiso de no recabar informaci\u00f3n innecesaria sobre el usuario.<\/span><\/p>\n<p>&nbsp;<\/p>\n<p><span style=\"font-weight: 400;\">Con el fin de mantener actualizados nuestros archivos de datos personales, rogamos nos comunique cualquier cambio o modificaci\u00f3n que se produzca en las mismas.<\/span><\/p>\n<p>&nbsp;<\/p>\n<ol start=\"5\">\n<li><b>  \u00bfCu\u00e1les son tus derechos en materia de protecci\u00f3n de datos y c\u00f3mo ejercerlos?<\/b><\/li>\n<\/ol>\n<p>&nbsp;<\/p>\n<p><span style=\"font-weight: 400;\">El titular de los datos tiene derecho a obtener informaci\u00f3n sobre qu\u00e9 datos est\u00e1 tratando la entidad. A continuaci\u00f3n, te indicamos tus derechos:<\/span><\/p>\n<p>&nbsp;<\/p>\n<p><span style=\"font-weight: 400;\">Derecho de acceso, rectificaci\u00f3n y supresi\u00f3n<\/span> <span style=\"font-weight: 400;\">: El titular de los datos tendr\u00e1 derecho a acceder a sus datos personales, as\u00ed como a solicitar la rectificaci\u00f3n de los datos inexactos o, en su caso, solicitar su supresi\u00f3n cuando, entre otros motivos, los datos ya no sean necesarios para los fines por los que fueron recogidos.<\/span><\/p>\n<p><span style=\"font-weight: 400;\">Limitaci\u00f3n del tratamiento:<\/span> <span style=\"font-weight: 400;\">En determinadas circunstancias, se podr\u00e1 solicitar la limitaci\u00f3n del tratamiento de sus datos, en cuyo caso \u00fanicamente se conservar\u00e1n para el ejercicio o la defensa de reclamaciones.<\/span><\/p>\n<p><span style=\"font-weight: 400;\">Derecho de oposici\u00f3n:<\/span><span style=\"font-weight: 400;\">  En determinadas circunstancias y por motivos relacionados con su situaci\u00f3n particular, el titular de los datos podr\u00e1 oponerse al tratamiento de sus datos. La entidad dejar\u00e1 de tratarlas, salvo por motivos leg\u00edtimos imperiosos, o el ejercicio o defensa de posibles reclamaciones.<\/span><\/p>\n<p><span style=\"font-weight: 400;\">Derecho a la portabilidad de los datos<\/span><span style=\"font-weight: 400;\">: El titular tendr\u00e1 derecho a recibir los datos personales que le incumban, que haya facilitado en un formato estructurado, de uso com\u00fan y lectura mec\u00e1nica cuando: a) el tratamiento est\u00e9 basado en el consentimiento o en un contrato, y b) el tratamiento se efect\u00fae por medios automatizados.<\/span><\/p>\n<p>&nbsp;<\/p>\n<p><span style=\"font-weight: 400;\">Te informamos de tu derecho a presentar una reclamaci\u00f3n ante la autoridad de control (AGPD.- www.agpd.es) en caso de que no haya visto satisfechos el ejercicio de tus derechos aqu\u00ed indicados.<\/span><\/p>\n<p><span style=\"font-weight: 400;\">Para ejercer los citados derechos puedes ponerte en contacto con nosotros a trav\u00e9s del correo electr\u00f3nico info@fundaciosetba.org, identificando en tu petici\u00f3n la siguiente informaci\u00f3n:<\/span><\/p>\n<p>&nbsp;<\/p>\n<p><span style=\"font-weight: 400;\">1.- Datos del solicitante (Nombre y apellidos)<\/span><\/p>\n<p><span style=\"font-weight: 400;\">2.- Direcci\u00f3n de contacto<\/span><\/p>\n<p><span style=\"font-weight: 400;\">3.- Derecho que quiere ejercer<\/span><\/p>\n<p><span style=\"font-weight: 400;\">4.- Sobre qu\u00e9 datos concretos formula su petici\u00f3n<\/span><\/p>\n<p>&nbsp;<\/p>\n<p><span style=\"font-weight: 400;\">En el plazo m\u00e1ximo de un mes resolveremos su petici\u00f3n a trav\u00e9s del mismo medio que haya utilizado inicialmente.<\/span><\/p>\n<p>&nbsp;<\/p>\n<ol start=\"6\">\n<li><b>  Seguridad en el tratamiento<\/b><\/li>\n<\/ol>\n<p>&nbsp;<\/p>\n<p><span style=\"font-weight: 400;\">Teniendo en cuenta el estado de la t\u00e9cnica, los costes de aplicaci\u00f3n, y la naturaleza, alcance, contexto y finalidades del tratamiento, as\u00ed como los riesgos de probabilidad y gravedad variables para los derechos y libertades de las personas f\u00edsicas , la entidad aplicar\u00e1 medidas t\u00e9cnicas y organizativas apropiadas para garantizar un nivel de seguridad adecuado al riesgo, que eviten la destrucci\u00f3n, p\u00e9rdida o alteraci\u00f3n accidental o il\u00edcita de datos personales transmitidos, conservados o tratados de otra forma, o la comunicaci\u00f3n o acceso no autorizados a estos datos.<\/span><\/p>\n<\/div><\/div><\/div><\/div><\/div><\/div><\/div><\/section>\n","protected":false},"excerpt":{"rendered":"Tanto la privacidad de los datos como la confidencialidad de la informaci\u00f3n son aspectos importantes para la FUNDACI\u00d3 SETBA. Por ello, y seg\u00fan establece el Reglamento general de protecci\u00f3n de datos, Reglamento (UE) 2016\/679 del parlamento europeo y del consejo de 27 de abril de 2016 relativo a la protecci\u00f3n de las personas f\u00edsicas en...","protected":false},"author":1,"featured_media":0,"parent":0,"menu_order":0,"comment_status":"closed","ping_status":"open","template":"","meta":{"footnotes":""},"class_list":["post-30694","page","type-page","status-publish","hentry"],"_links":{"self":[{"href":"https:\/\/fundaciosetba.org\/es\/wp-json\/wp\/v2\/pages\/30694","targetHints":{"allow":["GET"]}}],"collection":[{"href":"https:\/\/fundaciosetba.org\/es\/wp-json\/wp\/v2\/pages"}],"about":[{"href":"https:\/\/fundaciosetba.org\/es\/wp-json\/wp\/v2\/types\/page"}],"author":[{"embeddable":true,"href":"https:\/\/fundaciosetba.org\/es\/wp-json\/wp\/v2\/users\/1"}],"replies":[{"embeddable":true,"href":"https:\/\/fundaciosetba.org\/es\/wp-json\/wp\/v2\/comments?post=30694"}],"version-history":[{"count":4,"href":"https:\/\/fundaciosetba.org\/es\/wp-json\/wp\/v2\/pages\/30694\/revisions"}],"predecessor-version":[{"id":39290,"href":"https:\/\/fundaciosetba.org\/es\/wp-json\/wp\/v2\/pages\/30694\/revisions\/39290"}],"wp:attachment":[{"href":"https:\/\/fundaciosetba.org\/es\/wp-json\/wp\/v2\/media?parent=30694"}],"curies":[{"name":"wp","href":"https:\/\/api.w.org\/{rel}","templated":true}]}}