{"id":33024,"date":"2022-12-19T12:46:07","date_gmt":"2022-12-19T11:46:07","guid":{"rendered":"https:\/\/fundaciosetba.org\/?page_id=33024"},"modified":"2026-03-20T09:24:39","modified_gmt":"2026-03-20T08:24:39","slug":"inscripcion-premio-setba-2025","status":"publish","type":"page","link":"https:\/\/fundaciosetba.org\/es\/inscripcion-premio-setba-2025\/","title":{"rendered":"Inscripci\u00f3n Premio SETBA"},"content":{"rendered":"<section class=\"l-section wpb_row us_custom_28a3ed77 height_custom color_primary with_img parallax_hor bgwidth_120\"><div class=\"l-section-img\" role=\"img\" aria-label=\"Imagen\" data-img-width=\"2560\" data-img-height=\"691\" style=\"background-image: url(https:\/\/fundaciosetba.org\/wp-content\/uploads\/2025\/11\/Guardo-2025_blanc-x-blanc-2_SETBA-1_hiperllarg-scaled-e1763476229131.jpg);background-repeat: no-repeat;\"><\/div><div class=\"l-section-h i-cf\"><div class=\"g-cols vc_row via_flex valign_top type_default stacking_default\"><div class=\"vc_col-sm-12 wpb_column vc_column_container\"><div class=\"vc_column-inner\"><div class=\"wpb_wrapper\"><div class=\"wpb_text_column us_custom_e8d85284 has_text_color\"><div class=\"wpb_wrapper\"><h1 style=\"text-align: center;\"><span style=\"color: #ffffff;\">Premio Setba 2026<\/span><\/h1>\n<\/div><\/div><div class=\"w-separator size_small\"><\/div><div class=\"w-iconbox iconpos_top style_default color_custom align_center no_text no_title\"><a href=\"#intro\" class=\"w-iconbox-link\" aria-label=\"far|chevron-down\"><div class=\"w-iconbox-icon\" style=\"font-size:3rem;--icon-color:#ffffff;\"><i class=\"far fa-chevron-down\"><\/i><\/div><\/a><div class=\"w-iconbox-meta\"><\/div><\/div><\/div><\/div><\/div><\/div><\/div><\/section><section class=\"l-section wpb_row us_custom_c1f34591 height_custom\"><div class=\"l-section-h i-cf\"><div class=\"g-cols vc_row via_flex valign_top type_default stacking_default\"><div class=\"vc_col-sm-12 wpb_column vc_column_container\"><div class=\"vc_column-inner\"><div class=\"wpb_wrapper\"><div class=\"w-tabs layout_hor style_trendy switch_click has_scrolling\" style=\"--sections-title-size:1.5rem\"><div class=\"w-tabs-list items_5 align_justify\" style=\"font-family:var(--h1-font-family);\"><div class=\"w-tabs-list-h\"><button class=\"w-tabs-item active\" aria-controls=\"content-socials\" aria-expanded=\"false\"><span class=\"w-tabs-item-title\">Presentaci\u00f3n<\/span><\/button><button class=\"w-tabs-item\" aria-controls=\"content-socials\" aria-expanded=\"false\"><span class=\"w-tabs-item-title\">Premios<\/span><\/button><button class=\"w-tabs-item\" aria-controls=\"content-socials\" aria-expanded=\"false\"><span class=\"w-tabs-item-title\">Jurado<\/span><\/button><button class=\"w-tabs-item\" aria-controls=\"content-socials\" aria-expanded=\"false\"><span class=\"w-tabs-item-title\">Bases legales<\/span><\/button><button class=\"w-tabs-item\" aria-controls=\"content-favorites\" aria-expanded=\"false\"><span class=\"w-tabs-item-title\">Inscripci\u00f3n<\/span><\/button><\/div><\/div><div class=\"w-tabs-sections titles-align_none icon_chevron cpos_right\"><div class=\"w-tabs-section active\" id=\"socials\"><button class=\"w-tabs-section-header active\" aria-controls=\"content-socials\" aria-expanded=\"true\"><div class=\"w-tabs-section-title\">Presentaci\u00f3n<\/div><div class=\"w-tabs-section-control\"><\/div><\/button><div  class=\"w-tabs-section-content\" id=\"content-socials\"><div class=\"w-tabs-section-content-h i-cf\"><div class=\"g-cols wpb_row via_flex valign_top type_default stacking_default\"><div class=\"vc_col-sm-12 wpb_column vc_column_container\"><div class=\"vc_column-inner\"><div class=\"wpb_wrapper\"><div class=\"wpb_text_column\"><div class=\"wpb_wrapper\"><h3>XVI Convocatoria art\u00edstica para artistas con discapacidad intelectual<\/h3>\n<\/div><\/div><div class=\"w-separator size_small\"><\/div><div class=\"wpb_text_column\"><div class=\"wpb_wrapper\"><p>Certamen anual de pintura dirigido a artistas con discapacidad intelectual. Actualmente se trata del premio mejor dotado del Estado Espa\u00f1ol, que re\u00fane a profesionales del mundo del arte, entidades y fundaciones con un mismo objetivo: detectar y reconocer el talento de estos artistas. <\/p>\n<p>Este certamen est\u00e1 organizado por la Fundaci\u00f3n Setba con el patrocinio de Bizcabar y con la colaboraci\u00f3n de Barna Art, Bardinet, Cocarmi, Dincat, Fundaci\u00f3n &#8220;la Caixa&#8221;, el Gremio de Galer\u00edas de Arte de Catalu\u00f1a, Istituto Europeo di Design &#8211; IED Barcelona, \u200b\u200bel MOCO Museum, el Museo del FC Barcelona, \u200b\u200bPinturas MIR i la Pigment Gallery.<\/p>\n<p><strong>CALENDARIO:<br \/>\n<\/strong> <strong>Fecha l\u00edmite de inscripci\u00f3n: 19 de marzo de 2026 a las 17 h<\/strong><br \/>\nSelecci\u00f3n del jurado: 5 de mayo de 2026<br \/>\nComunicado del veredicto en la ceremonia entrega de premios en CaixaForum Barcelona<\/p>\n<\/div><\/div><div class=\"w-separator size_large\"><\/div><div class=\"wpb_text_column\"><div class=\"wpb_wrapper\"><p><b>Obras ganadoras del Premi Setba 2025<\/b><\/p>\n<\/div><\/div><div class=\"w-separator size_small\"><\/div><\/div><\/div><\/div><\/div><div class=\"g-cols wpb_row via_flex valign_top type_default stacking_default\"><div class=\"vc_col-sm-4 wpb_column vc_column_container\"><div class=\"vc_column-inner\"><div class=\"wpb_wrapper\"><div class=\"w-image align_none\"><div class=\"w-image-h\"><img decoding=\"async\" width=\"286\" height=\"400\" src=\"https:\/\/fundaciosetba.org\/wp-content\/uploads\/2025\/11\/XAVI-BLAYA_Paris-286x400.jpg\" class=\"attachment-us_600_400 size-us_600_400\" alt=\"\" loading=\"lazy\" srcset=\"https:\/\/fundaciosetba.org\/wp-content\/uploads\/2025\/11\/XAVI-BLAYA_Paris-286x400.jpg 286w, https:\/\/fundaciosetba.org\/wp-content\/uploads\/2025\/11\/XAVI-BLAYA_Paris-214x300.jpg 214w, https:\/\/fundaciosetba.org\/wp-content\/uploads\/2025\/11\/XAVI-BLAYA_Paris-732x1024.jpg 732w, https:\/\/fundaciosetba.org\/wp-content\/uploads\/2025\/11\/XAVI-BLAYA_Paris-71x100.jpg 71w, https:\/\/fundaciosetba.org\/wp-content\/uploads\/2025\/11\/XAVI-BLAYA_Paris-600x840.jpg 600w, https:\/\/fundaciosetba.org\/wp-content\/uploads\/2025\/11\/XAVI-BLAYA_Paris.jpg 1400w\" sizes=\"auto, (max-width: 286px) 100vw, 286px\" \/><\/div><\/div><div class=\"w-separator size_small\"><\/div><div class=\"wpb_text_column\"><div class=\"wpb_wrapper\"><p><strong>Primer premio:<\/strong><br \/>\n <em>Par\u00eds<\/em> de Xavi Blaya<br \/>\n CO Les Corts<\/p>\n<\/div><\/div><\/div><\/div><\/div><div class=\"vc_col-sm-4 wpb_column vc_column_container\"><div class=\"vc_column-inner\"><div class=\"wpb_wrapper\"><div class=\"w-image align_none\"><div class=\"w-image-h\"><img decoding=\"async\" width=\"286\" height=\"400\" src=\"https:\/\/fundaciosetba.org\/wp-content\/uploads\/2025\/11\/MONTSE-URGELL_Petjades-286x400.jpg\" class=\"attachment-us_600_400 size-us_600_400\" alt=\"\" loading=\"lazy\" srcset=\"https:\/\/fundaciosetba.org\/wp-content\/uploads\/2025\/11\/MONTSE-URGELL_Petjades-286x400.jpg 286w, https:\/\/fundaciosetba.org\/wp-content\/uploads\/2025\/11\/MONTSE-URGELL_Petjades-214x300.jpg 214w, https:\/\/fundaciosetba.org\/wp-content\/uploads\/2025\/11\/MONTSE-URGELL_Petjades-731x1024.jpg 731w, https:\/\/fundaciosetba.org\/wp-content\/uploads\/2025\/11\/MONTSE-URGELL_Petjades-71x100.jpg 71w, https:\/\/fundaciosetba.org\/wp-content\/uploads\/2025\/11\/MONTSE-URGELL_Petjades-600x840.jpg 600w, https:\/\/fundaciosetba.org\/wp-content\/uploads\/2025\/11\/MONTSE-URGELL_Petjades.jpg 1400w\" sizes=\"auto, (max-width: 286px) 100vw, 286px\" \/><\/div><\/div><div class=\"w-separator size_small\"><\/div><div class=\"wpb_text_column\"><div class=\"wpb_wrapper\"><p><strong>Segundo premio:<\/strong><br \/>\n <em>Huellas<\/em> de Montse Urgell<br \/>\n Asociaci\u00f3n Alba<\/p>\n<\/div><\/div><\/div><\/div><\/div><div class=\"vc_col-sm-4 wpb_column vc_column_container\"><div class=\"vc_column-inner\"><div class=\"wpb_wrapper\"><div class=\"w-image align_none\"><div class=\"w-image-h\"><img decoding=\"async\" width=\"286\" height=\"400\" src=\"https:\/\/fundaciosetba.org\/wp-content\/uploads\/2025\/11\/MARTA-BALSELLS-Pinguins-286x400.jpg\" class=\"attachment-us_600_400 size-us_600_400\" alt=\"\" loading=\"lazy\" srcset=\"https:\/\/fundaciosetba.org\/wp-content\/uploads\/2025\/11\/MARTA-BALSELLS-Pinguins-286x400.jpg 286w, https:\/\/fundaciosetba.org\/wp-content\/uploads\/2025\/11\/MARTA-BALSELLS-Pinguins-214x300.jpg 214w, https:\/\/fundaciosetba.org\/wp-content\/uploads\/2025\/11\/MARTA-BALSELLS-Pinguins-731x1024.jpg 731w, https:\/\/fundaciosetba.org\/wp-content\/uploads\/2025\/11\/MARTA-BALSELLS-Pinguins-71x100.jpg 71w, https:\/\/fundaciosetba.org\/wp-content\/uploads\/2025\/11\/MARTA-BALSELLS-Pinguins-600x840.jpg 600w, https:\/\/fundaciosetba.org\/wp-content\/uploads\/2025\/11\/MARTA-BALSELLS-Pinguins.jpg 1400w\" sizes=\"auto, (max-width: 286px) 100vw, 286px\" \/><\/div><\/div><div class=\"w-separator size_small\"><\/div><div class=\"wpb_text_column\"><div class=\"wpb_wrapper\"><p><strong>Tercer premio:<\/strong><br \/>\n <i>Ping\u00fcinos<\/i> de Marta Balcells<br \/>\n ACUDAM<\/p>\n<\/div><\/div><\/div><\/div><\/div><\/div><div class=\"g-cols wpb_row via_flex valign_top type_default stacking_default\"><div class=\"vc_col-sm-12 wpb_column vc_column_container\"><div class=\"vc_column-inner\"><div class=\"wpb_wrapper\"><div class=\"w-separator size_large\"><\/div><div class=\"wpb_text_column\"><div class=\"wpb_wrapper\"><p><b>Se recomienda visualizar los v\u00eddeos de las formaciones magistrales, antes de participar en el certamen<\/b><\/p>\n<\/div><\/div><div class=\"w-separator size_medium\"><\/div><\/div><\/div><\/div><\/div><div class=\"g-cols wpb_row via_flex valign_top type_default stacking_default\"><div class=\"vc_col-sm-12 wpb_column vc_column_container\"><div class=\"vc_column-inner\"><div class=\"wpb_wrapper\"><div class=\"w-video align_none ratio_16x9 has_iframe\"><div class=\"w-video-h\"><iframe title=\"Youtube video player\" src=\"\/\/www.youtube.com\/embed\/dXG87vT_Vrg?autoplay=0&controls=1&origin=https:\/\/fundaciosetba.org\/es\/&loop=0&mute=0\" allowfullscreen=\"1\" loading=\"lazy\"><\/iframe><\/div><\/div><\/div><\/div><\/div><\/div><div class=\"w-separator size_medium\"><\/div><div class=\"g-cols wpb_row via_flex valign_top type_default stacking_default\"><div class=\"vc_col-sm-3 wpb_column vc_column_container\"><div class=\"vc_column-inner\"><div class=\"wpb_wrapper\"><div class=\"w-video align_none ratio_16x9 has_iframe\"><div class=\"w-video-h\"><iframe title=\"Youtube video player\" src=\"\/\/www.youtube.com\/embed\/tZQoa7QkQLM?autoplay=0&controls=1&origin=https:\/\/fundaciosetba.org\/es\/&loop=0&mute=0\" allowfullscreen=\"1\" loading=\"lazy\"><\/iframe><\/div><\/div><\/div><\/div><\/div><div class=\"vc_col-sm-3 wpb_column vc_column_container\"><div class=\"vc_column-inner\"><div class=\"wpb_wrapper\"><div class=\"w-video align_none ratio_16x9 has_iframe\"><div class=\"w-video-h\"><iframe title=\"Youtube video player\" src=\"\/\/www.youtube.com\/embed\/bOHdYy_4yp0?autoplay=0&controls=1&origin=https:\/\/fundaciosetba.org\/es\/&loop=0&mute=0\" allowfullscreen=\"1\" loading=\"lazy\"><\/iframe><\/div><\/div><\/div><\/div><\/div><div class=\"vc_col-sm-3 wpb_column vc_column_container\"><div class=\"vc_column-inner\"><div class=\"wpb_wrapper\"><div class=\"w-video align_none ratio_16x9 has_iframe\"><div class=\"w-video-h\"><iframe title=\"Youtube video player\" src=\"\/\/www.youtube.com\/embed\/iLpmaRvfz18?autoplay=0&controls=1&origin=https:\/\/fundaciosetba.org\/es\/&loop=0&mute=0\" allowfullscreen=\"1\" loading=\"lazy\"><\/iframe><\/div><\/div><\/div><\/div><\/div><div class=\"vc_col-sm-3 wpb_column vc_column_container\"><div class=\"vc_column-inner\"><div class=\"wpb_wrapper\"><div class=\"w-video align_none ratio_16x9 has_iframe\"><div class=\"w-video-h\"><iframe title=\"Youtube video player\" src=\"\/\/www.youtube.com\/embed\/ac_-ySdhFFc?autoplay=0&controls=1&origin=https:\/\/fundaciosetba.org\/es\/&loop=0&mute=0\" allowfullscreen=\"1\" loading=\"lazy\"><\/iframe><\/div><\/div><\/div><\/div><\/div><\/div><\/div><\/div><\/div><div class=\"w-tabs-section\" id=\"socials\"><button class=\"w-tabs-section-header\" aria-controls=\"content-socials\" aria-expanded=\"false\"><div class=\"w-tabs-section-title\">Premios<\/div><div class=\"w-tabs-section-control\"><\/div><\/button><div  class=\"w-tabs-section-content\" id=\"content-socials\"><div class=\"w-tabs-section-content-h i-cf\"><div class=\"g-cols wpb_row via_flex valign_top type_default stacking_default\"><div class=\"vc_col-sm-12 wpb_column vc_column_container\"><div class=\"vc_column-inner\"><div class=\"wpb_wrapper\"><div class=\"wpb_text_column\"><div class=\"wpb_wrapper\"><h3>Premios de la XVI convocatoria<\/h3>\n<\/div><\/div><div class=\"w-separator size_small\"><\/div><div class=\"wpb_text_column\"><div class=\"wpb_wrapper\"><p><strong>Premios Setba<\/strong><\/p>\n<p>Se otorgar\u00e1n tres premios art\u00edsticos, de los cuales no podr\u00e1n ser declarados desiertos.<\/p>\n<p><strong>Primer premio:<br \/>\n<\/strong> &#8211; Galard\u00f3n conmemorativo, una dotaci\u00f3n de 4.000\u20ac otorgados para la entidad a la que pertenece el artista y 500\u20ac para el artista<br \/>\n&#8211; La obra ganadora ser\u00e1 adquirida por la Fundaci\u00f3 Setba y pasar\u00e1 a formar parte de su colecci\u00f3n.<br \/>\n&#8211; La obra ganadora formar\u00e1 parte de la exposici\u00f3n <em>Premio Setba<\/em> en la Pigment Gallery, miembro del gremio de Galer\u00edas de Arte de Catalu\u00f1a<br \/>\n&#8211; Material profesional de Bellas Artes gentileza de PINTURAS MIR para el artista valorado en 120\u20ac<br \/>\n&#8211; Participaci\u00f3n en el taller \u201cDigital portrait \u2013 retrato digital\u201d en el IED Barcelona Centro Superior de Dise\u00f1o, destinado al artista ganador\/ay 10 compa\u00f1eros\/as de su entidad, valorado en 1.000\u20ac<br \/>\n<span style=\"color: #1a1a1a;\">&#8211; 1<\/span> <span style=\"color: #ff0000;\"><span style=\"color: #1a1a1a;\"><em>Workshop<\/em> para el artista ganador\/a con estudiantes de dise\u00f1o del IED Barcelona<\/span><br \/>\n<\/span> &#8211; 1 visita guiada para el artista ganador\/ay 10 compa\u00f1eros\/as de su entidad en el MOCO Museum Barcelona<br \/>\n&#8211; 1 visita guiada para el artista ganador\/ay 10 compa\u00f1eros\/as de su entidad a una exposici\u00f3n del CaixaForum Barcelona<\/p>\n<p><strong>Segundo premio:<br \/>\n<\/strong> &#8211; 1.800\u20ac otorgados por la Fundaci\u00f3n Setba a la entidad a la que pertenece el artista y 400\u20ac para el artista<strong><br \/>\n<\/strong>&#8211; Adquisici\u00f3n de la obra por parte del Reial Cercle Art\u00edstic de Barcelona<br \/>\n&#8211; Material profesional de Bellas Artes gentileza de PINTURAS MIR para el artista valorado en 80\u20ac<br \/>\n&#8211; La obra seleccionada formar\u00e1 parte de la exposici\u00f3n <em>Premio Setba<\/em> en la Pigment Gallery, miembro del gremio de Galer\u00edas de Arte de Catalu\u00f1a<br \/>\n<span style=\"color: #1a1a1a;\">&#8211; 1<\/span> <span style=\"color: #ff0000;\"><span style=\"color: #1a1a1a;\"><em>Workshop<\/em> para el artista ganador\/a con estudiantes de dise\u00f1o del IED Barcelona<\/span><\/span><br \/>\n &#8211; 1 visita guiada para el artista ganador\/ay 10 compa\u00f1eros\/as de su entidad a una exposici\u00f3n del CaixaForum Barcelona<\/p>\n<p><strong>Tercer premio:<br \/>\n<\/strong> &#8211; 1.500\u20ac otorgados por la Fundaci\u00f3n Setba a la entidad a la que pertenece el artista y 300\u20ac para el artista<strong><br \/>\n<\/strong>&#8211; Adquisici\u00f3n de la obra por parte del Reial Cercle Art\u00edstic de Barcelona<br \/>\n&#8211; Material profesional de Bellas Artes gentileza de PINTURAS MIR para el artista valorado en 80\u20ac<br \/>\n&#8211; La obra seleccionada formar\u00e1 parte de la exposici\u00f3n <em>Premio Setba<\/em> en la Pigment Gallery, miembro del gremio de Galer\u00edas de Arte de Catalu\u00f1a<br \/>\n<span style=\"color: #1a1a1a;\">&#8211; 1<\/span> <span style=\"color: #ff0000;\"><span style=\"color: #1a1a1a;\"><em>Workshop<\/em> para el artista ganador\/a con estudiantes de dise\u00f1o del IED Barcelona<\/span><\/span><br \/>\n &#8211; 1 visita guiada para el artista ganador\/ay 10 compa\u00f1eros\/as de su entidad a una exposici\u00f3n del CaixaForum Barcelona<\/p>\n<p><strong>Premio del p\u00fablico<br \/>\n<\/strong> &#8211; La obra seleccionada formar\u00e1 parte de la exposici\u00f3n <em>Premio Setba<\/em> en la Pigment Gallery, miembro del gremio de Galer\u00edas de Arte de Catalu\u00f1a<br \/>\n&#8211; La entidad es seleccionada para la formaci\u00f3n art\u00edstica dentro del programa MAGISTRALS de la Fundaci\u00f3 Setba<br \/>\n&#8211; 1 visita guiada por la Fundaci\u00f3n Bar\u00e7a Genuine al Museo Inmersivo del F\u00fatbol Club Barcelona y asistir a un entrenamiento por el artista ganador\/ay 10 compa\u00f1eros\/as de su entidad.<\/p>\n<p><strong>Premio de Dise\u00f1o Bardinet<\/strong><br \/>\n &#8211; 500\u20ac al artista ganador por parte de Bardinet Espa\u00f1a<br \/>\n &#8211; 1 visita guiada a la bodega Bardinet Wines por el artista ganador\/ay 10 compa\u00f1eros\/as de su entidad<\/p>\n<p><strong>Premio de adquisici\u00f3n de la Pigment Gallery<br \/>\n<\/strong> &#8211; 250\u20ac al artista ganador<br \/>\n &#8211; Adquisici\u00f3n de la obra por parte de la Pigment Gallery, miembro del gremio de Galer\u00edas de Arte de Catalunya.<\/p>\n<p><strong>Finalistas:<\/strong><br \/>\n &#8211; Material profesional de Bellas Artes gentileza de PINTURAS MIR para el artista valorado en 50\u20ac.<\/p>\n<p><strong>Entidades participantes:<\/strong><br \/>\n &#8211; S\u00f3lo las entidades que se inscriban en la convocatoria del Premio Setba 2026 optar\u00e1n a participar en la formaci\u00f3n art\u00edstica online y presencial del proyecto MAGISTRALS del a\u00f1o 2027.<\/p>\n<p><em>Todos los importes est\u00e1n sometidos a las retenciones y los impuestos que marca la ley.<br \/>\n<\/em> <em>Desde la Fundaci\u00f3 instamos a hacer uso del premio econ\u00f3mico en material art\u00edstico y cultural.<\/em><\/p>\n<\/div><\/div><\/div><\/div><\/div><\/div><\/div><\/div><\/div><div class=\"w-tabs-section\" id=\"socials\"><button class=\"w-tabs-section-header\" aria-controls=\"content-socials\" aria-expanded=\"false\"><div class=\"w-tabs-section-title\">Jurado<\/div><div class=\"w-tabs-section-control\"><\/div><\/button><div  class=\"w-tabs-section-content\" id=\"content-socials\"><div class=\"w-tabs-section-content-h i-cf\"><div class=\"g-cols wpb_row via_flex valign_top type_default stacking_default\"><div class=\"vc_col-sm-12 wpb_column vc_column_container\"><div class=\"vc_column-inner\"><div class=\"wpb_wrapper\"><div class=\"wpb_text_column\"><div class=\"wpb_wrapper\"><h3>Jurado 2026<\/h3>\n<\/div><\/div><div class=\"w-separator size_small\"><\/div><div class=\"wpb_text_column\"><div class=\"wpb_wrapper\"><p>En 2026 se ha decidido renovar completamente el jurado profesional del Premi Setba, con el objetivo de aportar una mirada fresca y diversa. Esta renovaci\u00f3n garantiza imparcialidad, refuerza la transparencia y ampl\u00eda las conexiones con nuevos profesionales e instituciones. El mundo del arte evoluciona constantemente, y queremos que la selecci\u00f3n de las obras finalistas refleje las tendencias actuales, la inclusi\u00f3n y la innovaci\u00f3n. Con perfiles especializados en disciplinas emergentes, aseguramos que el premio siga siendo un referente cultural con valor social.<\/p>\n<\/div><\/div><div class=\"w-separator size_large\"><\/div><\/div><\/div><\/div><\/div><div class=\"g-cols wpb_row via_flex valign_top type_default stacking_default\"><div class=\"vc_col-sm-3 wpb_column vc_column_container\"><div class=\"vc_column-inner\"><div class=\"wpb_wrapper\"><div class=\"w-image align_none\"><div class=\"w-image-h\"><img decoding=\"async\" width=\"1600\" height=\"1000\" src=\"https:\/\/fundaciosetba.org\/wp-content\/uploads\/2025\/11\/WhatsApp-Image-2025-11-26-at-12.07.24-e1764166898745.jpeg\" class=\"attachment-full size-full\" alt=\"\" loading=\"lazy\" \/><\/div><\/div><div class=\"w-separator size_small\"><\/div><\/div><\/div><\/div><div class=\"vc_col-sm-9 wpb_column vc_column_container\"><div class=\"vc_column-inner\"><div class=\"wpb_wrapper\"><div class=\"wpb_text_column\"><div class=\"wpb_wrapper\"><h5><strong>Ferran Josa  <\/strong><\/h5>\n<h6><span style=\"color: #808080;\"><strong>Director de la Pigmento Gallery Barcelona<\/strong><\/span><\/h6>\n<p><span data-olk-copy-source=\"MessageBody\">Galerista nacido en Par\u00eds, trabaj\u00f3 durante 16 a\u00f1os como director adjunto de la Sala Par\u00e9s antes de impulsar su proyecto personal, Pigment Gallery, fundada en 2016 en Barcelona y ampliada en Par\u00eds en 2021.  <\/span><\/p>\n<p><span data-olk-copy-source=\"MessageBody\">Su misi\u00f3n es acercar el arte contempor\u00e1neo a cualquier persona con sensibilidad, defendiendo el valor del arte como patrimonio emocional y colectivo. Cree que las exposiciones deben sorprender y que el galerista es sobre todo un asesor que ayuda a construir colecciones personales, siempre respetando la decisi\u00f3n final del cliente. <\/span><\/p>\n<\/div><\/div><div class=\"w-separator size_small\"><\/div><\/div><\/div><\/div><\/div><div class=\"w-separator size_large\"><\/div><div class=\"g-cols wpb_row via_flex valign_top type_default stacking_default\"><div class=\"vc_col-sm-3 wpb_column vc_column_container\"><div class=\"vc_column-inner\"><div class=\"wpb_wrapper\"><div class=\"w-image align_none\"><div class=\"w-image-h\"><img decoding=\"async\" width=\"1733\" height=\"1750\" src=\"https:\/\/fundaciosetba.org\/wp-content\/uploads\/2025\/11\/Laura-Murtra-1.png\" class=\"attachment-full size-full\" alt=\"\" loading=\"lazy\" srcset=\"https:\/\/fundaciosetba.org\/wp-content\/uploads\/2025\/11\/Laura-Murtra-1.png 1733w, https:\/\/fundaciosetba.org\/wp-content\/uploads\/2025\/11\/Laura-Murtra-1-297x300.png 297w, https:\/\/fundaciosetba.org\/wp-content\/uploads\/2025\/11\/Laura-Murtra-1-1014x1024.png 1014w, https:\/\/fundaciosetba.org\/wp-content\/uploads\/2025\/11\/Laura-Murtra-1-150x150.png 150w, https:\/\/fundaciosetba.org\/wp-content\/uploads\/2025\/11\/Laura-Murtra-1-99x100.png 99w, https:\/\/fundaciosetba.org\/wp-content\/uploads\/2025\/11\/Laura-Murtra-1-396x400.png 396w, https:\/\/fundaciosetba.org\/wp-content\/uploads\/2025\/11\/Laura-Murtra-1-600x606.png 600w\" sizes=\"auto, (max-width: 1733px) 100vw, 1733px\" \/><\/div><\/div><div class=\"w-separator size_small\"><\/div><\/div><\/div><\/div><div class=\"vc_col-sm-9 wpb_column vc_column_container\"><div class=\"vc_column-inner\"><div class=\"wpb_wrapper\"><div class=\"wpb_text_column\"><div class=\"wpb_wrapper\"><h5><strong>Laura Murtra  <\/strong><\/h5>\n<h6><span style=\"color: #808080;\"><strong>Directora de Servicios al cliente de la Casa de Carlota Barcelona<\/strong><\/span><\/h6>\n<p>Licenciada en Econom\u00eda por la Universidad de Barcelona, \u200b\u200bpero dedicada desde hace m\u00e1s de 20 a\u00f1os en el sector de la publicidad y dise\u00f1o desarrollando proyectos de estrategia de comunicaci\u00f3n para grandes marcas.<\/p>\n<p>Desde 2022 convive con el arte outsider y la creatividad, trabajando en proyectos desde la metodolog\u00eda inclusiva, innovadora y extraordinariamente transformadora que hace \u00fanico este estudio. La Casa de Carlota es el primer estudio creativo del mundo que incorpora a su equipo a creativos con discapacidad intelectual.<\/p>\n<\/div><\/div><div class=\"w-separator size_small\"><\/div><\/div><\/div><\/div><\/div><div class=\"w-separator size_large\"><\/div><div class=\"g-cols wpb_row via_flex valign_top type_default stacking_default\"><div class=\"vc_col-sm-3 wpb_column vc_column_container\"><div class=\"vc_column-inner\"><div class=\"wpb_wrapper\"><div class=\"w-image align_none\"><div class=\"w-image-h\"><img decoding=\"async\" width=\"2193\" height=\"2285\" src=\"https:\/\/fundaciosetba.org\/wp-content\/uploads\/2025\/12\/Foto-Manuel-Barrios.jpg\" class=\"attachment-full size-full\" alt=\"\" loading=\"lazy\" srcset=\"https:\/\/fundaciosetba.org\/wp-content\/uploads\/2025\/12\/Foto-Manuel-Barrios.jpg 2193w, https:\/\/fundaciosetba.org\/wp-content\/uploads\/2025\/12\/Foto-Manuel-Barrios-288x300.jpg 288w, https:\/\/fundaciosetba.org\/wp-content\/uploads\/2025\/12\/Foto-Manuel-Barrios-983x1024.jpg 983w, https:\/\/fundaciosetba.org\/wp-content\/uploads\/2025\/12\/Foto-Manuel-Barrios-96x100.jpg 96w, https:\/\/fundaciosetba.org\/wp-content\/uploads\/2025\/12\/Foto-Manuel-Barrios-384x400.jpg 384w, https:\/\/fundaciosetba.org\/wp-content\/uploads\/2025\/12\/Foto-Manuel-Barrios-600x625.jpg 600w\" sizes=\"auto, (max-width: 2193px) 100vw, 2193px\" \/><\/div><\/div><div class=\"w-separator size_small\"><\/div><\/div><\/div><\/div><div class=\"vc_col-sm-9 wpb_column vc_column_container\"><div class=\"vc_column-inner\"><div class=\"wpb_wrapper\"><div class=\"wpb_text_column\"><div class=\"wpb_wrapper\"><h5><strong>Manuel Barrios<\/strong><\/h5>\n<h6><span style=\"color: #808080;\"><strong>Director <em>Una m\u00e0 de contes<\/em> . Departamento de Programas Infantiles de 3cat <\/strong><\/span><\/h6>\n<p>Licenciado en Bellas Artes por la Universidad de Barcelona. Desde hace m\u00e1s de veinte a\u00f1os dirige algo m\u00e1s que un programa de cuentos para televisi\u00f3n: un espacio de encuentro entre medios de comunicaci\u00f3n, escuelas, instituciones y creadores, escritores, m\u00fasicos, artistas e ilustradores. <\/p>\n<p>Traducido a m\u00e1s de quince idiomas, en este programa caben todos los estilos y t\u00e9cnicas, tradiciones culturales y los temas m\u00e1s actuales. Un espacio en el que tambi\u00e9n participan los espectadores, produciendo contenidos y aportando las mejores ideas. Cada uno desde sus posibilidades y desde su diversidad y su condici\u00f3n.<\/p>\n<\/div><\/div><div class=\"w-separator size_small\"><\/div><\/div><\/div><\/div><\/div><div class=\"w-separator size_large\"><\/div><div class=\"g-cols wpb_row via_flex valign_top type_default stacking_default\"><div class=\"vc_col-sm-3 wpb_column vc_column_container\"><div class=\"vc_column-inner\"><div class=\"wpb_wrapper\"><div class=\"w-image align_none\"><div class=\"w-image-h\"><img decoding=\"async\" width=\"1920\" height=\"2560\" src=\"https:\/\/fundaciosetba.org\/wp-content\/uploads\/2025\/11\/2025-montserrat-gonzalez-jurat-scaled.jpg\" class=\"attachment-full size-full\" alt=\"\" loading=\"lazy\" srcset=\"https:\/\/fundaciosetba.org\/wp-content\/uploads\/2025\/11\/2025-montserrat-gonzalez-jurat-scaled.jpg 1920w, https:\/\/fundaciosetba.org\/wp-content\/uploads\/2025\/11\/2025-montserrat-gonzalez-jurat-225x300.jpg 225w, https:\/\/fundaciosetba.org\/wp-content\/uploads\/2025\/11\/2025-montserrat-gonzalez-jurat-768x1024.jpg 768w, https:\/\/fundaciosetba.org\/wp-content\/uploads\/2025\/11\/2025-montserrat-gonzalez-jurat-75x100.jpg 75w, https:\/\/fundaciosetba.org\/wp-content\/uploads\/2025\/11\/2025-montserrat-gonzalez-jurat-300x400.jpg 300w, https:\/\/fundaciosetba.org\/wp-content\/uploads\/2025\/11\/2025-montserrat-gonzalez-jurat-600x800.jpg 600w\" sizes=\"auto, (max-width: 1920px) 100vw, 1920px\" \/><\/div><\/div><div class=\"w-separator size_small\"><\/div><\/div><\/div><\/div><div class=\"vc_col-sm-9 wpb_column vc_column_container\"><div class=\"vc_column-inner\"><div class=\"wpb_wrapper\"><div class=\"wpb_text_column\"><div class=\"wpb_wrapper\"><h5><strong>Montserrat Gonz\u00e1lez<\/strong><\/h5>\n<h6><span style=\"color: #808080;\"><strong>Responsable de comunicaci\u00f3n del Instituto de Cultura de Barcelona  <\/strong><\/span><\/h6>\n<p>Licenciada en Ciencias de la Comunicaci\u00f3n por la Universidad Aut\u00f3noma de Barcelona. Ha desarrollado su trayectoria profesional en agencias de publicidad como Casadevall &amp; Pedre\u00f1o, Grey Global Group y Valverde\/Miquel, trabajando en campa\u00f1as de proyecci\u00f3n nacional e internacional. <\/p>\n<p>Desde 2009 forma parte del equipo de comunicaci\u00f3n del Ayuntamiento de Barcelona, \u200b\u200bdonde ha gestionado proyectos de comunicaci\u00f3n de ciudad. Desde el a\u00f1o 2024 ejerce como jefe de comunicaci\u00f3n del Instituto de Cultura de Barcelona, \u200b\u200bdesde donde se promueven programas culturales y se apoya iniciativas art\u00edsticas que contribuyen al desarrollo cultural y creativo de la ciudadan\u00eda<\/p>\n<\/div><\/div><div class=\"w-separator size_small\"><\/div><\/div><\/div><\/div><\/div><div class=\"w-separator size_large\"><\/div><div class=\"g-cols wpb_row via_flex valign_top type_default stacking_default\"><div class=\"vc_col-sm-3 wpb_column vc_column_container\"><div class=\"vc_column-inner\"><div class=\"wpb_wrapper\"><div class=\"w-image align_none\"><div class=\"w-image-h\"><img decoding=\"async\" width=\"624\" height=\"666\" src=\"https:\/\/fundaciosetba.org\/wp-content\/uploads\/2025\/11\/WhatsApp-Image-2025-11-26-at-10.34.36.jpeg\" class=\"attachment-full size-full\" alt=\"\" loading=\"lazy\" srcset=\"https:\/\/fundaciosetba.org\/wp-content\/uploads\/2025\/11\/WhatsApp-Image-2025-11-26-at-10.34.36.jpeg 624w, https:\/\/fundaciosetba.org\/wp-content\/uploads\/2025\/11\/WhatsApp-Image-2025-11-26-at-10.34.36-281x300.jpeg 281w, https:\/\/fundaciosetba.org\/wp-content\/uploads\/2025\/11\/WhatsApp-Image-2025-11-26-at-10.34.36-94x100.jpeg 94w, https:\/\/fundaciosetba.org\/wp-content\/uploads\/2025\/11\/WhatsApp-Image-2025-11-26-at-10.34.36-375x400.jpeg 375w, https:\/\/fundaciosetba.org\/wp-content\/uploads\/2025\/11\/WhatsApp-Image-2025-11-26-at-10.34.36-600x640.jpeg 600w\" sizes=\"auto, (max-width: 624px) 100vw, 624px\" \/><\/div><\/div><div class=\"w-separator size_small\"><\/div><\/div><\/div><\/div><div class=\"vc_col-sm-9 wpb_column vc_column_container\"><div class=\"vc_column-inner\"><div class=\"wpb_wrapper\"><div class=\"wpb_text_column\"><div class=\"wpb_wrapper\"><h5><strong>Pedro Costa<\/strong><\/h5>\n<h6><span style=\"color: #808080;\"><strong>Director general de MOCO Museum<\/strong><\/span><\/h6>\n<p>Impulsa desde 2022, en el MOCO Museum Barcelona, \u200b\u200buna forma diferente de vivir el arte: pr\u00f3xima, din\u00e1mica y profundamente orientada al visitante. Establecido en Barcelona desde hace seis a\u00f1os, trabaja por transformar cada interacci\u00f3n en una experiencia significativa, conectando creatividad, operaci\u00f3n y visi\u00f3n estrat\u00e9gica. Desde el MOCO, contribuye a que el museo sea un espacio vivo, accesible y memorable, donde el p\u00fablico pueda descubrir nuevas formas de inspiraci\u00f3n.<\/p>\n<\/div><\/div><div class=\"w-separator size_small\"><\/div><\/div><\/div><\/div><\/div><div class=\"w-separator size_large\"><\/div><div class=\"g-cols wpb_row via_flex valign_top type_default stacking_default\"><div class=\"vc_col-sm-3 wpb_column vc_column_container\"><div class=\"vc_column-inner\"><div class=\"wpb_wrapper\"><div class=\"w-image align_none\"><div class=\"w-image-h\"><img decoding=\"async\" width=\"800\" height=\"800\" src=\"https:\/\/fundaciosetba.org\/wp-content\/uploads\/2022\/09\/Cristina-equip.jpg\" class=\"attachment-full size-full\" alt=\"\" loading=\"lazy\" srcset=\"https:\/\/fundaciosetba.org\/wp-content\/uploads\/2022\/09\/Cristina-equip.jpg 800w, https:\/\/fundaciosetba.org\/wp-content\/uploads\/2022\/09\/Cristina-equip-300x300.jpg 300w, https:\/\/fundaciosetba.org\/wp-content\/uploads\/2022\/09\/Cristina-equip-150x150.jpg 150w, https:\/\/fundaciosetba.org\/wp-content\/uploads\/2022\/09\/Cristina-equip-100x100.jpg 100w, https:\/\/fundaciosetba.org\/wp-content\/uploads\/2022\/09\/Cristina-equip-400x400.jpg 400w, https:\/\/fundaciosetba.org\/wp-content\/uploads\/2022\/09\/Cristina-equip-600x600.jpg 600w\" sizes=\"auto, (max-width: 800px) 100vw, 800px\" \/><\/div><\/div><div class=\"w-separator size_small\"><\/div><\/div><\/div><\/div><div class=\"vc_col-sm-9 wpb_column vc_column_container\"><div class=\"vc_column-inner\"><div class=\"wpb_wrapper\"><div class=\"wpb_text_column\"><div class=\"wpb_wrapper\"><h5><strong>Cristina Sampere Fern\u00e1ndez <\/strong><\/h5>\n<h6><span style=\"color: #808080;\"><strong>Directora de la Fundaci\u00f3n Setba<\/strong><\/span><\/h6>\n<p>Artista y gestora cultural. Como artista ha expuesto en diversas galer\u00edas como la Sala Par\u00e9s, la Galer\u00eda Jordi Barnadas de Barcelona y la galer\u00eda Jorge Alcolea de Madrid. Tiene obras en las colecciones Testimonio de \u201cla Caixa\u201d, Fundaci\u00f3n Vila Casas y Fundaci\u00f3n Banco de Sabadell, entre otros. Durante m\u00e1s de una d\u00e9cada, trabaj\u00f3 en la organizaci\u00f3n de las exposiciones Supermercado de Arte con el objetivo de que el arte llegara a todo el mundo y, a\u00f1os m\u00e1s tarde, dirigi\u00f3 la Galer\u00eda Montcada de Barcelona.   <\/p>\n<p>Desde 2012 es la directora de la Fundaci\u00f3n Setba, donde idea, organiza y produce proyectos culturales con valor social. Como miembro del jurado, actuar\u00e1 como Secretaria del Jurado, con voz pero sin voto. En caso de que se produzca un empate en la votaci\u00f3n, la Secretaria, excepcionalmente, tendr\u00e1 voto de calidad y podr\u00e1 deshacer el empate.<\/p>\n<\/div><\/div><div class=\"w-separator size_small\"><\/div><\/div><\/div><\/div><\/div><\/div><\/div><\/div><div class=\"w-tabs-section\" id=\"socials\"><button class=\"w-tabs-section-header\" aria-controls=\"content-socials\" aria-expanded=\"false\"><div class=\"w-tabs-section-title\">Bases legales<\/div><div class=\"w-tabs-section-control\"><\/div><\/button><div  class=\"w-tabs-section-content\" id=\"content-socials\"><div class=\"w-tabs-section-content-h i-cf\"><div class=\"g-cols wpb_row via_flex valign_top type_default stacking_default\"><div class=\"vc_col-sm-12 wpb_column vc_column_container\"><div class=\"vc_column-inner\"><div class=\"wpb_wrapper\"><div class=\"wpb_text_column\"><div class=\"wpb_wrapper\"><h3>Bases XVI Premio Setba<\/h3>\n<\/div><\/div><div class=\"w-separator size_small\"><\/div><div class=\"wpb_text_column\"><div class=\"wpb_wrapper\"><p>Bases del 16 Premio Setba, certamen de pintura organizado por la Fundaci\u00f3n Setba para artistas con discapacidad intelectual de Catalu\u00f1a.<\/p>\n<h4>\u00bfQUI\u00c9NES PUEDEN PRESENTARSE?<\/h4>\n<p>Pueden concursar todos los <strong>artistas residentes en Catalu\u00f1a, mayores de edad y con una discapacidad intelectual, que pertenezcan a una entidad<\/strong> sin \u00e1nimo de lucro, legalizada y registrada en Catalu\u00f1a.<\/p>\n<p>La discapacidad intelectual deber\u00e1 acreditarse mediante un <strong>certificado de discapacidad.<\/strong><\/p>\n<p>Las entidades que se presenten en el Premi Setba 2026 ser\u00e1n las \u00fanicas que podr\u00e1n optar a la formaci\u00f3n art\u00edstica <strong>MAGISTRALS<\/strong> que se llevar\u00e1 a cabo durante el 2027.<\/p>\n<h4>\u00bfC\u00d3MO PARTICIPAR?<\/h4>\n<p>La obra debe ser <strong>reciente<\/strong> . La <strong>t\u00e9cnica y la tem\u00e1tica son libres<\/strong> . Los participantes se comprometen a que las obras que presenten sean originales y que <strong>no vulneren disposiciones normativas ni derechos de terceras personas<\/strong> .<\/p>\n<p><strong>Formato:<\/strong><br \/>\n Los participantes tendr\u00e1n que hacer una <strong>obra en formato VERTICAL: 70cm (alto) x 50cm (ancho).<\/strong><\/p>\n<p><strong>Inscripci\u00f3n:<br \/>\n<\/strong> Se admitir\u00e1 s\u00f3lo <strong>1 inscripci\u00f3n por entidad<\/strong> , en la que se <strong>incluir\u00e1n todos los participantes en un mismo formulario\/inscripci\u00f3n<\/strong> . Los datos que se incluir\u00e1n ser\u00e1n:<\/p>\n<p>&#8211; Datos de los artistas participantes (un archivo excel con todos los datos): <a href=\"https:\/\/fundaciosetba.org\/wp-content\/uploads\/2025\/11\/Formulari-inscripcio-Premi-Setba-2026.xlsx\">Descarga el formulario de inscripci\u00f3n<\/a><br \/>\n &#8211; Una fotograf\u00eda de la obra presentada. Una obra por artista. (formato JPEG)  <\/p>\n<p>Para enviar el formulario y fotograf\u00edas de las obras, <strong>ir a la pesta\u00f1a &#8220;inscripci\u00f3n&#8221;<\/strong><\/p>\n<p>Los <strong>requisitos de las fotograf\u00edas presentadas<\/strong> son:<\/p>\n<p>&#8211; No se aceptar\u00e1n obras retocadas digitalmente. La fotograf\u00eda que se env\u00eda de la obra debe ser fiel a la obra original.<br \/>\n&#8211; La fotograf\u00eda de la obra debe guardarse con el nombre completo del artista y el t\u00edtulo de la obra, sin incorporar acentos o caracteres especiales. Por ejemplo: <em>Xavi Blaya_Paris<br \/>\n<\/em> &#8211; Buena calidad de fotograf\u00eda: resoluci\u00f3n de 300<br \/>\n &#8211; La perspectiva debe ser frontal<br \/>\n &#8211; Sin flash: no puede salir quemada, pero tampoco demasiado oscura<br \/>\n &#8211; La obra debe aparecer entera<br \/>\n &#8211; Debe estar bien encuadrada. Si es necesario, recortar la fotograf\u00eda, para que s\u00f3lo aparezca la obra<\/p>\n<p><strong>OJO!<\/strong> Se descartar\u00e1n autom\u00e1ticamente las obras que no cumplan estos requisitos y no se aceptar\u00e1n, bajo ning\u00fan concepto, obras de otros tama\u00f1os ni proporciones, que quedar\u00e1n autom\u00e1ticamente fuera de concurso.<\/p>\n<p><strong>OJO!<\/strong> Tambi\u00e9n se descartar\u00e1n aquellas entidades que publiquen en las redes sociales o en las p\u00e1ginas webs las obras presentadas a concurso antes de anunciar si han sido seleccionadas, a fin de preservar el anonimato de los autores y las autoras y las obras ante el jurado. Sin embargo, s\u00ed se podr\u00e1 publicar la participaci\u00f3n en el certamen, sin mostrar en ning\u00fan momento la obra u obras presentadas, hasta que la Fundaci\u00f3 Setba lo autorice.<\/p>\n<h4><strong>CRITERIOS DE SELECCI\u00d3N<\/strong><\/h4>\n<p>En la deliberaci\u00f3n y decisi\u00f3n del Premi Setba, el jurado tendr\u00e1 en cuenta principalmente los siguientes criterios:<\/p>\n<ol>\n<li><strong>Estilo propio del artista:<\/strong> Se valorar\u00e1 que la obra presente un lenguaje y estilo propio que refleje una voz art\u00edstica personal.<\/li>\n<li><strong>Aplicaci\u00f3n de las t\u00e9cnicas art\u00edsticas:<\/strong> Se tendr\u00e1 en cuenta la correcta utilizaci\u00f3n y dominio de las t\u00e9cnicas utilizadas en la obra.<\/li>\n<li><strong>Calidad de los materiales:<\/strong> Se valorar\u00e1 el uso de materiales adecuados y de calidad, especialmente en lo que se refiere al soporte, al papel ya los materiales de bellas artes utilizados.<\/li>\n<\/ol>\n<h4>BASES LEGALES<\/h4>\n<p>Estas bases ser\u00e1n aceptadas por el tutor legal en el caso de los participantes incapacitados judicialmente.<\/p>\n<ol>\n<li><strong>Se admitir\u00e1 una obra por concursante<\/strong> , que deber\u00e1 ser de <strong>t\u00e9cnica libre sobre papel<\/strong> . <strong>Las medidas deben ser: 70cm (alto) x 50cm (ancho)<\/strong> . No se aceptar\u00e1n, por ning\u00fan concepto, obras de otros tama\u00f1os ni sobre otros soportes. \u00c9stas quedar\u00e1n autom\u00e1ticamente fuera del concurso.<br \/>\n<strong>La tienda Barna Paper ofrece un 35% de descuento a las entidades<\/strong> por la compra de papel recomendado por el certamen Premi Setba (Paper Canson basik 50 x 70 cm, 370 gr\/m2). Barna Paper &#8211; C\/ Rossell\u00f3 276 , 08037 Barcelona, \u200b\u200bTel:934 570 263<br \/>\n<strong>COMPRA EN SU P\u00c1GINA:<\/strong> <a href=\"https:\/\/www.barna-art.com\/productes-adicionals\/premi-setba\">https:\/\/www.barna-art.com\/productes-adicionals\/premi-setba<\/a><\/p>\n<p class=\"x_MsoNormal\"><span><strong>COMPRA EN LA TIENDA:<\/strong> Decir el c\u00f3digo \u201cSETBA\u201d.  <\/span><\/p>\n<\/li>\n<li><strong>La composici\u00f3n de la obra deber\u00e1 ser vertical.<\/strong> No se aceptar\u00e1n, por ning\u00fan concepto, obras horizontales. \u00c9stas quedar\u00e1n autom\u00e1ticamente fuera de concurso.<\/li>\n<li>La obra deber\u00e1 ser reciente. La t\u00e9cnica y la tem\u00e1tica son libres. <strong>Los participantes se comprometen a que las obras que presenten sean originales<\/strong> y que no vulneren disposiciones normativas ni derechos de terceras personas. <\/li>\n<li>La <strong>informaci\u00f3n obtenida durante el proceso ser\u00e1 tratada con confidencialidad<\/strong> a todos los efectos.<\/li>\n<li><strong>La participaci\u00f3n en el certamen autoriza a la Fundaci\u00f3n Setba a utilizar la obra<\/strong> , directa o indirectamente, como material de promoci\u00f3n y publicidad de sus propias actividades. Las fotograf\u00edas podr\u00e1n ser utilizadas para su difusi\u00f3n y tambi\u00e9n para promocionar otras actividades y eventos en la p\u00e1gina web y redes sociales de la FUNDACI\u00d3 SETBA, en folletos y\/o carteles publicitarios, as\u00ed como para el uso interno de la entidad .<\/li>\n<li><strong>La fecha l\u00edmite para presentar las solicitudes ser\u00e1 el jueves 19 de marzo de 2026 a las 17h<\/strong> . No se enviar\u00e1n las obras f\u00edsicamente a la Fundaci\u00f3 Setba en esta primera fase del certamen <\/li>\n<li><strong>En ning\u00fan caso la entidad publicar\u00e1 en redes sociales o p\u00e1ginas web las obras presentadas a concurso para preservar el anonimato de los autores hasta que no se publique el veredicto emitido por los miembros del Jurado de las obras seleccionadas<\/strong> . Sin embargo, s\u00ed se podr\u00e1 publicar la participaci\u00f3n en el certamen, sin mostrar en ning\u00fan momento la obra u obras presentadas, hasta que la Fundaci\u00f3 Setba lo autorice.<\/li>\n<li><strong>Se seleccionar\u00e1n 30 obras<\/strong> (18 semifinalistas y 12 finalistas) para el premio del p\u00fablico. La resoluci\u00f3n del jurado ser\u00e1 inapelable y se realizar\u00e1 en mayo de 2026.  La entidad ser\u00e1 informada de los artistas que pasan a la selecci\u00f3n final, y deber\u00e1 enviar la obra u obras originales seleccionadas a la Fundaci\u00f3n Setba (Plaza Real 10, 1\u00ba 2a 08002 Barcelona), asumiendo la entidad los gastos de env\u00edo. En ese momento, las entidades ya podr\u00e1n hacer p\u00fablico que han sido seleccionadas por el certamen.<\/li>\n<li>Una vez que el jurado haya seleccionado las 30 obras, se abrir\u00e1 una votaci\u00f3n a trav\u00e9s de la p\u00e1gina web de la Fundaci\u00f3n Setba para elegir la obra favorita del p\u00fablico. El ganador del Premio del P\u00fablico se anunciar\u00e1 el d\u00eda de la ceremonia del Premi Setba, junto con el resto de galardonados. Se aceptar\u00e1 una votaci\u00f3n por persona f\u00edsica, siendo obligatorio hacer constar el correo electr\u00f3nico por cada voto emitido.<\/li>\n<li><strong>Las entidades a las que pertenezcan los finalistas nominados deber\u00e1n enviar el certificado de discapacidad intelectual<\/strong> . Este documento deber\u00e1 enviarse en formato digital (escaneado o fotograf\u00eda clara) al correo electr\u00f3nico de la Fundaci\u00f3 Setba, dentro del plazo que se indicar\u00e1 en la notificaci\u00f3n de la selecci\u00f3n de los semifinalistas. <\/li>\n<li><strong>Los ganadores se dar\u00e1n a conocer durante la ceremonia de entrega de premios<\/strong> que se llevar\u00e1 a cabo durante el 21 de septiembre de 2026 en el auditorio del CaixaForum Barcelona (pendiente confirmaci\u00f3n).<\/li>\n<li><strong>Para obtener el premio el artista deber\u00e1 asistir a la ceremonia de entrega<\/strong> . En caso de que no pueda asistir, deber\u00e1 hacerlo un representante de la entidad. <\/li>\n<li><strong>El primer premio ser\u00e1 adquirido por la Fundaci\u00f3n Setba<\/strong> , y formar\u00e1 parte de su colecci\u00f3n.<\/li>\n<li><strong>Las obras ganadoras y finalistas del Premi Setba 2026 se expondr\u00e1n en una de las galer\u00edas de la asociaci\u00f3n Gremi Galeristes de Catalunya<\/strong> , donde estar\u00e1n a la venta, siempre y cuando la entidad del artista no especifique lo contrario en el momento del env\u00edo de las obras seleccionadas.<\/li>\n<li>Una vez finalice la exposici\u00f3n, las obras ganadoras y finalistas del PREMIO SETBA 2026 <strong>se pondr\u00e1n a la venta en la p\u00e1gina web de la Fundaci\u00f3n Setba<\/strong> . Los precios ser\u00e1n los siguientes:<br \/>\n &#8211; Por obra con marco: PVP 210\u20ac<br \/>\n &#8211; Por obra sin marco: PVP 150\u20ac <\/li>\n<li>En caso de venta, el artista recibir\u00e1 100\u20ac por su obra. <strong>La Fundaci\u00f3n Setba destinar\u00e1 los 50\u20ac restantes al proyecto de formaci\u00f3n art\u00edstica<\/strong> por entidades del sector de la discapacidad intelectual: MAGISTRALS.<\/li>\n<li><strong>Las obras no vendidas<\/strong> en la p\u00e1gina web de la Fundaci\u00f3n <strong>tendr\u00e1n que ser recogidas en la sede de la misma antes del 15 al 31 de octubre de 2027<\/strong> , asumiendo la entidad los gastos de recogida y transporte. Todas aquellas obras que no se hayan retirado antes de la fecha quedar\u00e1n a libre disposici\u00f3n de la Fundaci\u00f3n, sin que por eso pasen a formar parte de su fondo.<\/li>\n<li>La empresa BARDINET, encargada de la producci\u00f3n y distribuci\u00f3n del vino solidario del Premi Setba, seleccionar\u00e1 una obra entre todas las presentadas en el certamen para que se convierta en la nueva etiqueta de uno de los vinos o cavas de Lacrima Baccus, que se distribuir\u00e1 en tiendas especializadas y en las cadenas de supermercados Bon Preu Esclat, Vinalium y Sorli.<\/li>\n<li><strong>La participaci\u00f3n en el certamen supone la aceptaci\u00f3n de las bases y la renuncia a cualquier reclamaci\u00f3n legal por la decisi\u00f3n del jurado.<\/strong> Los participantes mantendr\u00e1n indemne en todo momento a la Fundaci\u00f3n Setba ante reclamaciones de terceras personas y ser\u00e1n responsables asumiendo \u00edntegramente a su cargo cualquier coste o carga pecuniaria que pudiera derivarse a favor de terceras personas como consecuencia de acciones, reclamaciones o conflictos derivados del incumplimiento de las obligaciones establecidas en estas bases.<\/li>\n<li>En cumplimiento del Reglamento general de protecci\u00f3n de datos, Reglamento (UE) 2016\/679 del Parlamento Europeo y del Consejo de 27 de abril de 2016 relativo a la protecci\u00f3n de las personas f\u00edsicas en cuanto al tratamiento de datos personales ya la libre circulaci\u00f3n de estos datos, as\u00ed como de la Ley Org\u00e1nica 3\/2018, de 5 de diciembre presenten al concurso, as\u00ed como todos los datos, documentaci\u00f3n e informaci\u00f3n de cualquier clase que se suministren, tendr\u00e1n car\u00e1cter confidencial y restringido y como tales ser\u00e1n tratados por la Fundaci\u00f3n Setba y el resto de los miembros del Jurado. Con la presentaci\u00f3n del formulario del apartado 4, los participantes autorizan expresa e inequ\u00edvocamente el tratamiento de sus datos y su cesi\u00f3n para las certamen. En caso de que un participante no quiera que el tratamiento de sus datos se realice con las finalidades descritas por parte de la Fundaci\u00f3n Setba, o desee ejercitar los derechos que le otorga la legislaci\u00f3n vigente, es necesario que lo solicite personalmente y se identifique por correo postal o correo electr\u00f3nico.<\/li>\n<\/ol>\n<h4><strong>CONTACTO<\/strong><\/h4>\n<p>Para m\u00e1s informaci\u00f3n sobre el certamen, contacte con Maria Bud\u00f3:<br \/>\nCorreo electr\u00f3nico: maria@fundaciosetba.org<br \/>\nTel\u00e9fono: 650.722.864<\/p>\n<\/div><\/div><\/div><\/div><\/div><\/div><\/div><\/div><\/div><div class=\"w-tabs-section\" id=\"favorites\"><button class=\"w-tabs-section-header\" aria-controls=\"content-favorites\" aria-expanded=\"false\"><div class=\"w-tabs-section-title\">Inscripci\u00f3n<\/div><div class=\"w-tabs-section-control\"><\/div><\/button><div  class=\"w-tabs-section-content\" id=\"content-favorites\"><div class=\"w-tabs-section-content-h i-cf\"><div class=\"g-cols wpb_row via_flex valign_top type_default stacking_default\"><div class=\"vc_col-sm-12 wpb_column vc_column_container\"><div class=\"vc_column-inner\"><div class=\"wpb_wrapper\"><div class=\"wpb_text_column\"><div class=\"wpb_wrapper\"><h3>Formulario de inscripci\u00f3n para entidades<\/h3>\n<\/div><\/div><div class=\"w-separator size_medium\"><\/div><div class=\"wpb_text_column\"><div class=\"wpb_wrapper\"><p>Inscripci\u00f3n cerrada. \u00a1Mucha suerte, artistas!<\/p>\n<\/div><\/div><div class=\"w-separator size_medium\"><\/div><\/div><\/div><\/div><\/div><\/div><\/div><\/div><\/div><\/div><div class=\"w-separator size_large\"><\/div><\/div><\/div><\/div><\/div><\/div><\/section>\n","protected":false},"excerpt":{"rendered":"Premio Setba 2026 Presentaci\u00f3nPremiosJuradoBases legalesInscripci\u00f3nPresentaci\u00f3nXVI Convocatoria art\u00edstica para artistas con discapacidad intelectual Certamen anual de pintura dirigido a artistas con discapacidad intelectual. Actualmente se trata del premio mejor dotado del Estado Espa\u00f1ol, que re\u00fane a profesionales del mundo del arte, entidades y fundaciones con un mismo objetivo: detectar y reconocer el talento de estos artistas....","protected":false},"author":1,"featured_media":38600,"parent":0,"menu_order":0,"comment_status":"closed","ping_status":"closed","template":"","meta":{"footnotes":""},"class_list":["post-33024","page","type-page","status-publish","has-post-thumbnail","hentry"],"_links":{"self":[{"href":"https:\/\/fundaciosetba.org\/es\/wp-json\/wp\/v2\/pages\/33024","targetHints":{"allow":["GET"]}}],"collection":[{"href":"https:\/\/fundaciosetba.org\/es\/wp-json\/wp\/v2\/pages"}],"about":[{"href":"https:\/\/fundaciosetba.org\/es\/wp-json\/wp\/v2\/types\/page"}],"author":[{"embeddable":true,"href":"https:\/\/fundaciosetba.org\/es\/wp-json\/wp\/v2\/users\/1"}],"replies":[{"embeddable":true,"href":"https:\/\/fundaciosetba.org\/es\/wp-json\/wp\/v2\/comments?post=33024"}],"version-history":[{"count":41,"href":"https:\/\/fundaciosetba.org\/es\/wp-json\/wp\/v2\/pages\/33024\/revisions"}],"predecessor-version":[{"id":41772,"href":"https:\/\/fundaciosetba.org\/es\/wp-json\/wp\/v2\/pages\/33024\/revisions\/41772"}],"wp:featuredmedia":[{"embeddable":true,"href":"https:\/\/fundaciosetba.org\/es\/wp-json\/wp\/v2\/media\/38600"}],"wp:attachment":[{"href":"https:\/\/fundaciosetba.org\/es\/wp-json\/wp\/v2\/media?parent=33024"}],"curies":[{"name":"wp","href":"https:\/\/api.w.org\/{rel}","templated":true}]}}