{"id":34375,"date":"2024-01-31T10:27:07","date_gmt":"2024-01-31T09:27:07","guid":{"rendered":"https:\/\/fundaciosetba.org\/?page_id=34375"},"modified":"2025-01-25T15:13:54","modified_gmt":"2025-01-25T14:13:54","slug":"inscripcion-natura-es-cultura-barcelona","status":"publish","type":"page","link":"https:\/\/fundaciosetba.org\/es\/inscripcion-natura-es-cultura-barcelona\/","title":{"rendered":"Inscripci\u00f3n Natura es cultura Barcelona"},"content":{"rendered":"<section class=\"l-section wpb_row us_custom_28a3ed77 height_custom color_primary with_img parallax_hor bgwidth_120\"><div class=\"l-section-img\" role=\"img\" aria-label=\"Imagen\" data-img-width=\"2560\" data-img-height=\"1709\" style=\"background-image: url(https:\/\/fundaciosetba.org\/wp-content\/uploads\/2025\/01\/240902_Art-Gavarres_063-scaled.jpg);background-repeat: no-repeat;\"><\/div><div class=\"l-section-h i-cf\"><div class=\"g-cols vc_row via_flex valign_top type_default stacking_default\"><div class=\"vc_col-sm-12 wpb_column vc_column_container\"><div class=\"vc_column-inner\"><div class=\"wpb_wrapper\"><div class=\"wpb_text_column\"><div class=\"wpb_wrapper\"><h1 style=\"text-align: center;\">XIV Natura es cultura<\/h1>\n<\/div><\/div><div class=\"w-separator size_small\"><\/div><div class=\"w-iconbox iconpos_top style_default color_custom align_center no_text no_title\"><a href=\"#intro\" class=\"w-iconbox-link\" aria-label=\"far|chevron-down\"><div class=\"w-iconbox-icon\" style=\"font-size:3rem;--icon-color:#ffffff;\"><i class=\"far fa-chevron-down\"><\/i><\/div><\/a><div class=\"w-iconbox-meta\"><\/div><\/div><\/div><\/div><\/div><\/div><\/div><\/section><section class=\"l-section wpb_row us_custom_c1f34591 height_custom\"><div class=\"l-section-h i-cf\"><div class=\"g-cols vc_row via_flex valign_top type_default stacking_default\"><div class=\"vc_col-sm-12 wpb_column vc_column_container\"><div class=\"vc_column-inner\"><div class=\"wpb_wrapper\"><div class=\"w-tabs layout_hor style_trendy switch_click has_scrolling\" style=\"--sections-title-size:1.8rem\"><div class=\"w-tabs-list items_3 align_justify\" style=\"font-family:var(--h1-font-family);\"><div class=\"w-tabs-list-h\"><button class=\"w-tabs-item active\" aria-controls=\"content-socials\" aria-expanded=\"false\"><span class=\"w-tabs-item-title\">Presentaci\u00f3n<\/span><\/button><button class=\"w-tabs-item\" aria-controls=\"content-socials\" aria-expanded=\"false\"><span class=\"w-tabs-item-title\">Bases legales<\/span><\/button><button class=\"w-tabs-item\" aria-controls=\"content-favorites\" aria-expanded=\"false\"><span class=\"w-tabs-item-title\">Inscripci\u00f3n<\/span><\/button><\/div><\/div><div class=\"w-tabs-sections titles-align_none icon_chevron cpos_right\"><div class=\"w-tabs-section active\" id=\"socials\"><button class=\"w-tabs-section-header active\" aria-controls=\"content-socials\" aria-expanded=\"true\"><div class=\"w-tabs-section-title\">Presentaci\u00f3n<\/div><div class=\"w-tabs-section-control\"><\/div><\/button><div  class=\"w-tabs-section-content\" id=\"content-socials\"><div class=\"w-tabs-section-content-h i-cf\"><div class=\"g-cols wpb_row via_flex valign_top type_default stacking_default\"><div class=\"vc_col-sm-12 wpb_column vc_column_container\"><div class=\"vc_column-inner\"><div class=\"wpb_wrapper\"><div class=\"wpb_text_column\"><div class=\"wpb_wrapper\"><h2>Convocatoria para la provincia de Barcelona 2025<\/h2>\n<\/div><\/div><div class=\"w-separator size_small\"><\/div><div class=\"wpb_text_column\"><div class=\"wpb_wrapper\"><p><strong><em>Natura es Cultura<\/em> es un proyecto de arte y salud mental destinado a entidades de salud mental de la provincia de Barcelona<\/strong> , \u200b\u200borganizado por la Fundaci\u00f3n Setba y <strong>dirigido por el artista Quim Moya<\/strong> con la colaboraci\u00f3n del ingeniero forestal Ignasi Vilarasau y la psic\u00f3loga y bailarina Maria Ribera y los educadores sociales Carla Bud\u00f3 y Pau Gil. Se trata de una estancia de una semana para cuatro entidades en la residencia de artistas Cal Gras de Aviny\u00f3 (Bages), durante la cual se realizan talleres art\u00edsticos y actividades de conciencia medioambiental en un entorno natural con el objetivo de contribuir a la mejora de la calidad de vida de las personas que conviven con trastornos mentales. <strong>Plazo de presentaci\u00f3n:<\/strong> Las entidades interesadas en la convocatoria deben presentar su solicitud antes del viernes 4 de abril de 2025 a las 14:00 h mediante el formulario que encontrar\u00e1 en la pesta\u00f1a &#8220;inscripci\u00f3n&#8221;<\/p>\n<p><strong>Reportaje sobre el proyecto Natura es Cultura 2024:<\/strong><\/p>\n<\/div><\/div><div class=\"w-separator size_small\"><\/div><div class=\"w-video align_none ratio_16x9 has_iframe\"><div class=\"w-video-h\"><iframe title=\"Youtube video player\" src=\"\/\/www.youtube.com\/embed\/DzwC1af8fqc?autoplay=0&controls=1&origin=https:\/\/fundaciosetba.org\/es\/&loop=0&mute=0\" allowfullscreen=\"1\" loading=\"lazy\"><\/iframe><\/div><\/div><div class=\"w-separator size_small\"><\/div><div class=\"wpb_text_column\"><div class=\"wpb_wrapper\"><p>Este proyecto est\u00e1 organizado por la Fundaci\u00f3n Setba con el patrocinio del Departamento de Cultura, Bizcabar Servicios Inmobiliarios y con la colaboraci\u00f3n de Art &amp; Gavarres, Cal Gras, Can Gich, Fundaci\u00f3n Conservatorio del Liceo, El Animal a la espalda y Pinturas Lepanto.<\/p>\n<\/div><\/div><\/div><\/div><\/div><\/div><\/div><\/div><\/div><div class=\"w-tabs-section\" id=\"socials\"><button class=\"w-tabs-section-header\" aria-controls=\"content-socials\" aria-expanded=\"false\"><div class=\"w-tabs-section-title\">Bases legales<\/div><div class=\"w-tabs-section-control\"><\/div><\/button><div  class=\"w-tabs-section-content\" id=\"content-socials\"><div class=\"w-tabs-section-content-h i-cf\"><div class=\"g-cols wpb_row via_flex valign_top type_default stacking_default\"><div class=\"vc_col-sm-12 wpb_column vc_column_container\"><div class=\"vc_column-inner\"><div class=\"wpb_wrapper\"><div class=\"wpb_text_column\"><div class=\"wpb_wrapper\"><h2>Bases legales y requisitos de participaci\u00f3n en Barcelona<\/h2>\n<\/div><\/div><div class=\"w-separator size_small\"><\/div><div class=\"wpb_text_column\"><div class=\"wpb_wrapper\"><p><strong>OBJETIVOS:<\/strong><\/p>\n<ul>\n<li>Dar un respiro a los participantes del proyecto.<\/li>\n<li>Dar un respiro a las familias de los participantes.<\/li>\n<li>Fomentar el trabajo en equipo y el empoderamiento personal.<\/li>\n<li>Desestigmatizar y visibilizar la realidad de las personas que conviven con enfermedad mental.<\/li>\n<\/ul>\n<p><strong>DESTINATARIOS:<\/strong><br \/>\nPodr\u00e1n participar todas las entidades de la provincia de Barcelona que trabajen por mejorar la vida de las personas que conviven con trastornos mentales. <span>Las entidades deben tener una antig\u00fcedad m\u00ednima de tres a\u00f1os, estar legalmente constituidas como asociaciones o fundaciones y acreditarlo con la documentaci\u00f3n pertinente si la Fundaci\u00f3n Setba lo requiere.<\/span><\/p>\n<p><strong>DOCUMENTACI\u00d3N A PRESENTAR:<\/strong><\/p>\n<ul>\n<li>Escritura de constituci\u00f3n.<\/li>\n<li>Memoria de actividades.<\/li>\n<li>Formulario online rellenado.<\/li>\n<\/ul>\n<p><strong>SELECCI\u00d3N:<\/strong><\/p>\n<p>Se seleccionar\u00e1n 4 entidades que convivir\u00e1n (2 entidades por semana, de lunes a viernes) en la residencia de artistas Cal Gras de Aviny\u00f3. <strong>DURACI\u00d3N:<\/strong><br \/>\nEl proyecto se llevar\u00e1 a cabo durante dos semanas, del 26 al 30 de mayo y del 2 al 6 de junio de 2025. Cada entidad participar\u00e1 en una de las dos semanas citadas anteriormente.<\/p>\n<p><strong>CONDICIONES:<\/strong><\/p>\n<ul>\n<li><strong>Por parte de la Fundaci\u00f3n Setba:<\/strong>\n<ul>\n<li>Seleccionar\u00e1 4 entidades por 2 semanas siguiendo los criterios de valoraci\u00f3n establecidos en las bases.<\/li>\n<li>Financiar\u00e1 desplazamientos, alojamientos, dietas y material art\u00edstico.<\/li>\n<li>Difundir\u00e1 el trabajo realizado durante las estancias.<\/li>\n<li>No ser\u00e1 en ning\u00fan caso responsable de cualquier da\u00f1o, de cualquier naturaleza, directo, indirecto y\/o circunstancial, sea inmediato o diferido, que pudiera surgir con ocasi\u00f3n oa consecuencia del disfrute de la estancia.<\/li>\n<\/ul>\n<\/li>\n<li><strong>Por parte de las entidades:<\/strong>\n<ul>\n<li>Cada entidad beneficiada podr\u00e1 participar con un grupo de 5 personas (4 usuarios y 1 responsable de la entidad).<\/li>\n<li>El responsable de la entidad acompa\u00f1ante no puede variar durante la estancia y debe participar activamente en todas las actividades.<\/li>\n<li>El responsable de la entidad debe cumplimentar un cuestionario previo y un posterior a la estancia, adem\u00e1s de colaborar en la producci\u00f3n del audiovisual del proyecto gestionando la documentaci\u00f3n de los derechos de im\u00e1genes.<\/li>\n<li>Las entidades seleccionadas autorizan a la Fundaci\u00f3n Setba a reproducir y utilizar su nombre, logotipo e im\u00e1genes para actividades promocionales relacionadas con el proyecto.<\/li>\n<\/ul>\n<\/li>\n<\/ul>\n<p><strong>SOLICITUD:<\/strong><br \/>\nLas entidades interesadas deben presentar su solicitud antes del viernes 4 de abril de 2025 a las 14:00 h mediante el formulario disponible en la pesta\u00f1a &#8220;inscripci\u00f3n&#8221; <strong>VALORACI\u00d3N Y PROCESO DE SELECCI\u00d3N:<\/strong><br \/>\nLa selecci\u00f3n se realizar\u00e1 por el equipo de la Fundaci\u00f3n Setba siguiendo un sistema de puntuaci\u00f3n basado en:<\/p>\n<ul>\n<li>Concordancia de la misi\u00f3n de la entidad con los objetivos del proyecto (hasta 20 puntos).<\/li>\n<li>Inter\u00e9s de la entidad por actividades culturales (hasta 15 puntos).<\/li>\n<li>Implicaci\u00f3n de los profesionales de la entidad en las actividades del proyecto (hasta 25 puntos).<\/li>\n<li>Compromiso por colaborar en la evaluaci\u00f3n del proyecto (hasta 25 puntos).<\/li>\n<li>Capacidad de difusi\u00f3n y sensibilizaci\u00f3n social (hasta 15 puntos).<\/li>\n<\/ul>\n<p><strong>CALENDARIO:<\/strong><\/p>\n<ul>\n<li><strong>Abril 2025:<\/strong> Notificaci\u00f3n de la resoluci\u00f3n.<\/li>\n<li><strong>Mayo 2025:<\/strong> <em>Masterclass<\/em> musical en el Conservatorio del Liceu.<\/li>\n<li><strong>Mayo y Junio \u200b\u200b2025:<\/strong> Estancias en Cal Gras.<\/li>\n<li><strong>Octubre 2025:<\/strong> Acci\u00f3n art\u00edstica en el territorio.<\/li>\n<\/ul>\n<p><strong>CONTACTO:<\/strong><br \/>\nPara cualquier consulta:<\/p>\n<ul>\n<li><strong>Correo electr\u00f3nico:<\/strong> <a rel=\"noopener\"><span>mar\u00eda<\/span> <span>@fundaciosetba<\/span> <span>.org<\/span><\/a><\/li>\n<li><strong>Tel\u00e9fono:<\/strong> 650.722.864<\/li>\n<\/ul>\n<\/div><\/div><\/div><\/div><\/div><\/div><\/div><\/div><\/div><div class=\"w-tabs-section\" id=\"favorites\"><button class=\"w-tabs-section-header\" aria-controls=\"content-favorites\" aria-expanded=\"false\"><div class=\"w-tabs-section-title\">Inscripci\u00f3n<\/div><div class=\"w-tabs-section-control\"><\/div><\/button><div  class=\"w-tabs-section-content\" id=\"content-favorites\"><div class=\"w-tabs-section-content-h i-cf\"><div class=\"g-cols wpb_row via_flex valign_top type_default stacking_default\"><div class=\"vc_col-sm-12 wpb_column vc_column_container\"><div class=\"vc_column-inner\"><div class=\"wpb_wrapper\"><div class=\"wpb_text_column\"><div class=\"wpb_wrapper\"><h2>Inscripci\u00f3n <em>Natura es Cultura<\/em> Barcelona 2025<\/h2>\n<\/div><\/div><div class=\"w-separator size_medium\"><\/div><div class=\"wpb_text_column\"><div class=\"wpb_wrapper\"><p>Las entidades interesadas en la convocatoria deben presentar su solicitud <strong>antes del viernes 4 de abril de 2025 a las 14:00<\/strong> hy debe hacerse a trav\u00e9s del formulario que encontrar\u00e1 en este enlace: <a href=\"https:\/\/forms.gle\/YN7As1qzMf9hjzRQ6\">https:\/\/forms .gle\/YN7As1qzMf9hjzRQ6<\/a><\/p>\n<\/div><\/div><\/div><\/div><\/div><\/div><\/div><\/div><\/div><\/div><\/div><\/div><\/div><\/div><\/div><\/div><\/section>\n","protected":false},"excerpt":{"rendered":"XIV Natura es cultura Presentaci\u00f3nBases legalesInscripci\u00f3nPresentaci\u00f3nConvocatoria para la provincia de Barcelona 2025 Natura es Cultura es un proyecto de arte y salud mental destinado a entidades de salud mental de la provincia de Barcelona , \u200b\u200borganizado por la Fundaci\u00f3n Setba y dirigido por el artista Quim Moya con la colaboraci\u00f3n del ingeniero forestal Ignasi Vilarasau...","protected":false},"author":1,"featured_media":35734,"parent":0,"menu_order":0,"comment_status":"closed","ping_status":"closed","template":"","meta":{"footnotes":""},"class_list":["post-34375","page","type-page","status-publish","has-post-thumbnail","hentry"],"_links":{"self":[{"href":"https:\/\/fundaciosetba.org\/es\/wp-json\/wp\/v2\/pages\/34375","targetHints":{"allow":["GET"]}}],"collection":[{"href":"https:\/\/fundaciosetba.org\/es\/wp-json\/wp\/v2\/pages"}],"about":[{"href":"https:\/\/fundaciosetba.org\/es\/wp-json\/wp\/v2\/types\/page"}],"author":[{"embeddable":true,"href":"https:\/\/fundaciosetba.org\/es\/wp-json\/wp\/v2\/users\/1"}],"replies":[{"embeddable":true,"href":"https:\/\/fundaciosetba.org\/es\/wp-json\/wp\/v2\/comments?post=34375"}],"version-history":[{"count":16,"href":"https:\/\/fundaciosetba.org\/es\/wp-json\/wp\/v2\/pages\/34375\/revisions"}],"predecessor-version":[{"id":38879,"href":"https:\/\/fundaciosetba.org\/es\/wp-json\/wp\/v2\/pages\/34375\/revisions\/38879"}],"wp:featuredmedia":[{"embeddable":true,"href":"https:\/\/fundaciosetba.org\/es\/wp-json\/wp\/v2\/media\/35734"}],"wp:attachment":[{"href":"https:\/\/fundaciosetba.org\/es\/wp-json\/wp\/v2\/media?parent=34375"}],"curies":[{"name":"wp","href":"https:\/\/api.w.org\/{rel}","templated":true}]}}