{"id":39335,"date":"2025-06-04T08:18:19","date_gmt":"2025-06-04T07:18:19","guid":{"rendered":"https:\/\/fundaciosetba.org\/producte\/wad-ras-mujeres-invisibles\/"},"modified":"2025-06-04T12:25:24","modified_gmt":"2025-06-04T11:25:24","slug":"wad-ras-mujeres-invisibles","status":"publish","type":"product","link":"https:\/\/fundaciosetba.org\/es\/producte\/wad-ras-mujeres-invisibles\/","title":{"rendered":"\u201cWad-Ras. Mujeres invisibles\u201d"},"content":{"rendered":"<p>Wad-Ras. Mujeres invisibles es el segundo fotolibro de la colecci\u00f3n \u201cMujeres invisibles\u201d de la Fundaci\u00f3n Setba. <\/p>\n<p>Una <strong>obra colectiva y transformadora que da visibilidad a las vidas, miradas e historias de las internas del Centro Penitenciario de Mujeres de Barcelona<\/strong> mediante la fotograf\u00eda y la palabra.<\/p>\n<p>Este libro es el resultado de tres a\u00f1os de talleres de fotograf\u00eda en el centro penitenciario, dentro del proyecto <em>Traspasando el objetivo<\/em> , liderado por el artista Marta F\u00e0bregas, con el apoyo de fot\u00f3grafas como Sandra Balsells (Premio Ortega y Gasset 2006), Tanit Plana (Descubrimientos PHotoEspa\u00f1a 2002) y Laia Abril (Premio Nacional de Fotograf\u00eda 2023). A trav\u00e9s de retratos, autorretratos y reportajes fotogr\u00e1ficos, entre los que se encuentra el <em>Tres hermanas y una triple condena<\/em> de la fotoperiodista Sandra Balsells, las mujeres participantes se convierten en autoras de su propio relato, rompiendo el estigma y reivindicando la cultura como herramienta de empoderamiento y reinserci\u00f3n. <\/p>\n<p>Disponible tambi\u00e9n en las librer\u00edas:<\/p>\n<ul>\n<li>Ona Llibres (Barcelona)<\/li>\n<li>Librer\u00eda Ventanas (Barcelona)<\/li>\n<li>Foto Colectania (Barcelona)<\/li>\n<li>Laie CCCB (Barcelona)<\/li>\n<li>La Salvatge Llibres (Sant Cugat del Vall\u00e8s)<\/li>\n<li>Centre Cultural-Llibreria Blanquerna (Madrid)<\/li>\n<\/ul>\n","protected":false},"excerpt":{"rendered":"<p>El segundo fotolibro de la Fundaci\u00f3n Setba que muestra c\u00f3mo la fotograf\u00eda puede convertirse en una herramienta de empoderamiento para mujeres internas en centros penitenciarios de Catalu\u00f1a. Dedicado a la \u00fanica c\u00e1rcel exclusivamente femenina de Catalunya. <\/p>\n<p>\u00a9 Editorial Lum\u00ednic, Barcelona, \u200b\u200b2025<br \/>\nPrimera edici\u00f3n: 2025<br \/>\nEdici\u00f3n de 400 ejemplares<br \/>\nISBN: 978-84-120387-3-6<br \/>\nDL: B 7239-2025<\/p>\n<p>\u00a9 de las fotograf\u00edas: Sandra Balsells, Marc Vidal, Marta F\u00e0bregas,<br \/>\n Laura G\u00e1lvez-Rhein, Ana P., Ana L., Leidy S., Rafaela DS,<br \/>\n Azucena F., Melan\u00eda C., Diama T., Yeni T., Jhulieny d. C., Ivonn B.,<br \/>\n Berta G., Sofigjeta M., Kimberly C., Bea D., Amy y B\u00e1rbara Ferreira<br \/>\n da Souza, 2022-2024 <\/p>\n<p>\u00a9 del texto: Magda Oranich, Sandra Balsells, Cristina Sampere<br \/>\n y Marta F\u00e0bregas, 2024-2025<\/p>\n<p>\u00a9 Editorial Lum\u00ednic, Barcelona, \u200b\u200b2025<\/p>\n","protected":false},"featured_media":39319,"template":"","meta":[],"product_brand":[],"product_cat":[1234],"product_tag":[],"class_list":{"0":"post-39335","1":"product","2":"type-product","3":"status-publish","4":"has-post-thumbnail","6":"product_cat-fotolibro","8":"first","9":"instock","10":"taxable","11":"shipping-taxable","12":"purchasable","13":"product-type-simple"},"_links":{"self":[{"href":"https:\/\/fundaciosetba.org\/es\/wp-json\/wp\/v2\/product\/39335","targetHints":{"allow":["GET"]}}],"collection":[{"href":"https:\/\/fundaciosetba.org\/es\/wp-json\/wp\/v2\/product"}],"about":[{"href":"https:\/\/fundaciosetba.org\/es\/wp-json\/wp\/v2\/types\/product"}],"wp:featuredmedia":[{"embeddable":true,"href":"https:\/\/fundaciosetba.org\/es\/wp-json\/wp\/v2\/media\/39319"}],"wp:attachment":[{"href":"https:\/\/fundaciosetba.org\/es\/wp-json\/wp\/v2\/media?parent=39335"}],"wp:term":[{"taxonomy":"product_brand","embeddable":true,"href":"https:\/\/fundaciosetba.org\/es\/wp-json\/wp\/v2\/product_brand?post=39335"},{"taxonomy":"product_cat","embeddable":true,"href":"https:\/\/fundaciosetba.org\/es\/wp-json\/wp\/v2\/product_cat?post=39335"},{"taxonomy":"product_tag","embeddable":true,"href":"https:\/\/fundaciosetba.org\/es\/wp-json\/wp\/v2\/product_tag?post=39335"}],"curies":[{"name":"wp","href":"https:\/\/api.w.org\/{rel}","templated":true}]}}