{"id":40651,"date":"2025-11-24T18:46:21","date_gmt":"2025-11-24T17:46:21","guid":{"rendered":"https:\/\/fundaciosetba.org\/producte\/rodalies-renfe-de-fanam-perez\/"},"modified":"2025-11-24T18:46:21","modified_gmt":"2025-11-24T17:46:21","slug":"rodalies-renfe-de-fanam-perez","status":"publish","type":"product","link":"https:\/\/fundaciosetba.org\/es\/producte\/rodalies-renfe-de-fanam-perez\/","title":{"rendered":"&#8220;Rodalies Renfe&#8221; de Fanam P\u00e9rez"},"content":{"rendered":"<p><em>Rodalies Renfe<\/em> es una obra creada por Fanam P\u00e9rez de la Fundaci\u00f3n TEAS. Esta pieza gan\u00f3 el premio del p\u00fablico del Premi Setba 2025, el certamen mejor dotado del Estado para artistas con discapacidad intelectual. <\/p>\n<p>Con la venta de este cuadro, colaboras en reconocer el talento del artista y en financiar el proyecto de formaci\u00f3n art\u00edstica que realizamos para entidades que trabajan con personas con discapacidad intelectual y que lleva como t\u00edtulo de <a href=\"https:\/\/fundaciosetba.org\/es\/projecte\/magistrals-premio-setba\/\">Magistrales<\/a> .<\/p>\n<p>El jurado de la decimoquinta edici\u00f3n del Premio Setba ha estado formado por:<\/p>\n<ul>\n<li><strong>Montserrat Gonz\u00e1lez<\/strong> , responsable de comunicaci\u00f3n del Instituto de Cultura de Barcelona (ICUB)<\/li>\n<li><strong>M\u00f2nica Ramon<\/strong> , directora de la galer\u00eda Artur Ramon Espacio de Arte y vicepresidenta del Gremio de Galer\u00edas de Arte de Catalu\u00f1a<\/li>\n<li><strong>Montserrat Sampietro<\/strong> , del Departamento de Actividades de Cultura y Ciencia de la Fundaci\u00f3n \u201cla Caixa\u201d<\/li>\n<li><strong>Cristina Sampere<\/strong> , artista y directora de la Fundaci\u00f3n Setba<\/li>\n<li><strong>Jos\u00e9 Manuel Jaurena<\/strong> , gerente de Pinturas Mir<\/li>\n<\/ul>\n<p>Entre 1.125 obras presentadas, el jurado destac\u00f3 Rodalies<em> Renfe<\/em> la capacidad del artista para captar la cotidianidad del transporte con una mirada po\u00e9tica y cr\u00edtica a la vez. Una propuesta gr\u00e1fica clara y sugerente. La obra es una met\u00e1fora potente: v\u00edas que no llegan a ninguna parte.  <\/p>\n","protected":false},"excerpt":{"rendered":"<p>PIEZA \u00daNICA &#8211; Ganadora del Premio del P\u00fablico 2025<br \/>\n Artista: Fanam P\u00e9rez de la Fundaci\u00f3n TEAS<br \/>\n T\u00e9cnica: mixta (grafito y l\u00e1pices de colores)<br \/>\n Dimensiones: 70 x 50 cm<\/p>\n","protected":false},"featured_media":40624,"template":"","meta":[],"product_brand":[],"product_cat":[1224],"product_tag":[],"class_list":{"0":"post-40651","1":"product","2":"type-product","3":"status-publish","4":"has-post-thumbnail","6":"product_cat-obras-premio-setba","8":"first","9":"instock","10":"taxable","11":"shipping-taxable","12":"purchasable","13":"product-type-variable"},"_links":{"self":[{"href":"https:\/\/fundaciosetba.org\/es\/wp-json\/wp\/v2\/product\/40651","targetHints":{"allow":["GET"]}}],"collection":[{"href":"https:\/\/fundaciosetba.org\/es\/wp-json\/wp\/v2\/product"}],"about":[{"href":"https:\/\/fundaciosetba.org\/es\/wp-json\/wp\/v2\/types\/product"}],"wp:featuredmedia":[{"embeddable":true,"href":"https:\/\/fundaciosetba.org\/es\/wp-json\/wp\/v2\/media\/40624"}],"wp:attachment":[{"href":"https:\/\/fundaciosetba.org\/es\/wp-json\/wp\/v2\/media?parent=40651"}],"wp:term":[{"taxonomy":"product_brand","embeddable":true,"href":"https:\/\/fundaciosetba.org\/es\/wp-json\/wp\/v2\/product_brand?post=40651"},{"taxonomy":"product_cat","embeddable":true,"href":"https:\/\/fundaciosetba.org\/es\/wp-json\/wp\/v2\/product_cat?post=40651"},{"taxonomy":"product_tag","embeddable":true,"href":"https:\/\/fundaciosetba.org\/es\/wp-json\/wp\/v2\/product_tag?post=40651"}],"curies":[{"name":"wp","href":"https:\/\/api.w.org\/{rel}","templated":true}]}}